{"id":1041,"date":"2015-01-07T18:00:27","date_gmt":"2015-01-07T17:00:27","guid":{"rendered":"https:\/\/www.lepeuplequimanque.org\/?page_id=1041"},"modified":"2024-03-10T11:21:47","modified_gmt":"2024-03-10T10:21:47","slug":"invites","status":"publish","type":"page","link":"https:\/\/www.lepeuplequimanque.org\/en\/magiciens\/invites\/","title":{"rendered":"Speakers &#8211; Beyond the Magiciens Effect"},"content":{"rendered":"[vc_row type=&#8221;in_container&#8221; full_screen_row_position=&#8221;middle&#8221; column_margin=&#8221;default&#8221; column_direction=&#8221;default&#8221; column_direction_tablet=&#8221;default&#8221; column_direction_phone=&#8221;default&#8221; scene_position=&#8221;center&#8221; text_color=&#8221;dark&#8221; text_align=&#8221;left&#8221; row_border_radius=&#8221;none&#8221; row_border_radius_applies=&#8221;bg&#8221; overflow=&#8221;visible&#8221; overlay_strength=&#8221;0.3&#8243; gradient_direction=&#8221;left_to_right&#8221; shape_divider_position=&#8221;bottom&#8221; bg_image_animation=&#8221;none&#8221;][vc_column column_padding=&#8221;no-extra-padding&#8221; column_padding_tablet=&#8221;inherit&#8221; column_padding_phone=&#8221;inherit&#8221; column_padding_position=&#8221;all&#8221; column_element_direction_desktop=&#8221;default&#8221; column_element_spacing=&#8221;default&#8221; desktop_text_alignment=&#8221;default&#8221; tablet_text_alignment=&#8221;default&#8221; phone_text_alignment=&#8221;default&#8221; background_color_opacity=&#8221;1&#8243; background_hover_color_opacity=&#8221;1&#8243; column_backdrop_filter=&#8221;none&#8221; column_shadow=&#8221;none&#8221; column_border_radius=&#8221;none&#8221; column_link_target=&#8221;_self&#8221; column_position=&#8221;default&#8221; gradient_direction=&#8221;left_to_right&#8221; overlay_strength=&#8221;0.3&#8243; width=&#8221;1\/1&#8243; tablet_width_inherit=&#8221;default&#8221; animation_type=&#8221;default&#8221; bg_image_animation=&#8221;none&#8221; border_type=&#8221;simple&#8221; column_border_width=&#8221;none&#8221; column_border_style=&#8221;solid&#8221;][nectar_global_section id=&#8221;4773&#8243;][\/vc_column][\/vc_row][vc_row type=&#8221;in_container&#8221; full_screen_row_position=&#8221;middle&#8221; column_margin=&#8221;default&#8221; column_direction=&#8221;default&#8221; column_direction_tablet=&#8221;default&#8221; column_direction_phone=&#8221;default&#8221; scene_position=&#8221;center&#8221; text_color=&#8221;dark&#8221; text_align=&#8221;left&#8221; row_border_radius=&#8221;none&#8221; row_border_radius_applies=&#8221;bg&#8221; overflow=&#8221;visible&#8221; overlay_strength=&#8221;0.3&#8243; gradient_direction=&#8221;left_to_right&#8221; shape_divider_position=&#8221;bottom&#8221; bg_image_animation=&#8221;none&#8221;][vc_column column_padding=&#8221;no-extra-padding&#8221; column_padding_tablet=&#8221;inherit&#8221; column_padding_phone=&#8221;inherit&#8221; column_padding_position=&#8221;all&#8221; column_element_direction_desktop=&#8221;default&#8221; column_element_spacing=&#8221;default&#8221; desktop_text_alignment=&#8221;default&#8221; tablet_text_alignment=&#8221;default&#8221; phone_text_alignment=&#8221;default&#8221; background_color_opacity=&#8221;1&#8243; background_hover_color_opacity=&#8221;1&#8243; column_backdrop_filter=&#8221;none&#8221; column_shadow=&#8221;none&#8221; column_border_radius=&#8221;none&#8221; column_link_target=&#8221;_self&#8221; column_position=&#8221;default&#8221; gradient_direction=&#8221;left_to_right&#8221; overlay_strength=&#8221;0.3&#8243; width=&#8221;1\/4&#8243; tablet_width_inherit=&#8221;default&#8221; animation_type=&#8221;default&#8221; bg_image_animation=&#8221;none&#8221; border_type=&#8221;simple&#8221; column_border_width=&#8221;none&#8221; column_border_style=&#8221;solid&#8221;][\/vc_column][vc_column column_padding=&#8221;no-extra-padding&#8221; column_padding_tablet=&#8221;inherit&#8221; column_padding_phone=&#8221;inherit&#8221; column_padding_position=&#8221;all&#8221; column_element_direction_desktop=&#8221;default&#8221; column_element_spacing=&#8221;default&#8221; desktop_text_alignment=&#8221;default&#8221; tablet_text_alignment=&#8221;default&#8221; phone_text_alignment=&#8221;default&#8221; background_color_opacity=&#8221;1&#8243; background_hover_color_opacity=&#8221;1&#8243; column_backdrop_filter=&#8221;none&#8221; column_shadow=&#8221;none&#8221; column_border_radius=&#8221;none&#8221; column_link_target=&#8221;_self&#8221; column_position=&#8221;default&#8221; gradient_direction=&#8221;left_to_right&#8221; overlay_strength=&#8221;0.3&#8243; width=&#8221;1\/2&#8243; tablet_width_inherit=&#8221;default&#8221; animation_type=&#8221;default&#8221; bg_image_animation=&#8221;none&#8221; border_type=&#8221;simple&#8221; column_border_width=&#8221;none&#8221; column_border_style=&#8221;solid&#8221;][vc_column_text]\n<p>&nbsp;<\/p>\n<h2>Speakers<\/h2>\n<p>With\u00a0<a href=\"#kaderattia\"><strong>Kader Attia<\/strong><\/a> (artist), <a href=\"#joaquinbarriendos\"><strong>Joaquin Barriendos<\/strong><\/a> (art theorist), <a href=\"#romainbertrand\"><strong>Romain Bertrand<\/strong><\/a>\u00a0(historian),\u00a0<a href=\"#taniabruguera\"><strong>Tania Bruguera<\/strong><\/a>* (artist), <a href=\"#fernandobryce\"><strong>Fernando Bryce<\/strong><\/a> (artist), <a href=\"#gustavobuntix\"><strong>Gustavo Buntix<\/strong><\/a> (artist), <a href=\"#pascalecasanova\"><strong>Pascale Casanova <\/strong><\/a>(literary theorist), <a href=\"#edercastillo\"><strong>Eder Castillo <\/strong><\/a>(artist), <strong><a href=\"#emanuellecherel\">Emmanuelle Ch\u00e9rel<\/a>\u00a0<\/strong>(art historian), <a href=\"#cesarcornejo\"><strong>Cesar Cornejo<\/strong><\/a> (artist), <a href=\"#jeromedavid\"><strong>J\u00e9r\u00f4me David<\/strong><\/a> (literary theorist),\u00a0<a href=\"#charlesesche\"><strong>Charles Esche<\/strong><\/a> (curator, theorist), <a href=\"#olivierhadouchi\"><strong>Olivier Hadouchi <\/strong><\/a>(film historian), <a href=\"#kiluanjikia\"><strong>Kiluanji Kia Henda<\/strong><\/a>* (artist), <a href=\"#mariahlavajova\"><strong>Maria Hlavajova<\/strong><\/a> (artistic director, BAK), <strong><a href=\"#eduardojorge\">Eduardo Jorge<\/a>\u00a0<\/strong>(writer),\u00a0<a href=\"#mathieuabonnenc\"><strong>Mathieu Kleyebe Abonnenc<\/strong><\/a> (artist), <a href=\"#kapwanikiwanga\"><strong>Kapwani Kiwanga <\/strong><\/a>(artist), <strong><a href=\"#pedrolasch\">Pedro Lasch<\/a>\u00a0<\/strong>(artist), <a href=\"#oliviermarboeuf\"><strong>Olivier Marboeuf<\/strong><\/a> (artistic director, Khiasma), <a href=\"#vincentmessage\"><strong>Vincent Message<\/strong><\/a> (essayist, novelist), <a href=\"#yvesmintoogue\"><strong>Yves Mintoogue<\/strong><\/a> (political scientist), <a href=\"#jeanclaudemoineau\"><strong>Jean-Claude Moineau<\/strong><\/a>* (art theorist), <a href=\"#juliamorandeira\"><strong>Julia Morandeira Arrizabalaga <\/strong><\/a>(independant curator), <a href=\"#malickndiaye\"><strong>Malick N\u2019Diaye<\/strong><\/a> (art historian), <a href=\"#vincentnormand\"><strong>Vincent Normand <\/strong><\/a>(writer, curator), <a href=\"#oluoguibe\"><strong>Olu Oguibe<\/strong><\/a> (artist),\u00a0<a href=\"#johnpfeffer\"><strong>John Peffer <\/strong><\/a>(art theorist),\u00a0<a href=\"#estefaniapenafiel\"><strong>Estefan\u00eda Pe\u00f1afiel Loaiza<\/strong><\/a> (artist), <a href=\"#revuea\"><strong>Revue Afrikadaa<\/strong><\/a> (Pascale Obolo,\u00a0Louisa Babari), <a href=\"#davidruffel\"><strong>David Ruffel<\/strong><\/a> (artistic director), <strong><a href=\"#lionelruffel\">Lionel Ruffel<\/a>\u00a0<\/strong>(literacy theorist), <a href=\"#elenasorokina\"><strong>Elena Sorokina<\/strong><\/a>\u00a0(curator, art historian), <a href=\"#idasoulard\"><strong>Ida Soulard<\/strong><\/a>\u00a0(art historian), <a href=\"#boaventura\"><strong>Boaventura de Sousa Santos<\/strong><\/a> (sociologist), <strong><a href=\"#camilledetoledo\">Camille de Toledo<\/a>\u00a0<\/strong>(writer, artist), <a href=\"#susanatorres\"><strong>Susana Torres<\/strong><\/a> (artist), <a href=\"#francoiseverges\"><strong>Fran\u00e7oise Verg\u00e8s<\/strong><\/a> (political scientist), <a href=\"#nicolasvieillescazes\"><strong>Nicolas Vieillescazes<\/strong><\/a> (philosopher)<\/p>\n<p>&nbsp;<\/p>\n<p><strong><a id=\"boaventura\"><\/a><a href=\"https:\/\/www.lepeuplequimanque.org\/wp-content\/uploads\/2015\/01\/Boaventura-de-Sousa-Santos-3.jpg\" rel=\"prettyPhoto[gallery-HJpv]\"><img loading=\"lazy\" decoding=\"async\" class=\"espace alignright wp-image-1125\" src=\"https:\/\/www.lepeuplequimanque.org\/wp-content\/uploads\/2015\/01\/Boaventura-de-Sousa-Santos-3-218x300.jpg\" alt=\"Boaventura de Sousa Santos\" width=\"160\" height=\"220\" srcset=\"https:\/\/www.lepeuplequimanque.org\/wp-content\/uploads\/2015\/01\/Boaventura-de-Sousa-Santos-3-218x300.jpg 218w, https:\/\/www.lepeuplequimanque.org\/wp-content\/uploads\/2015\/01\/Boaventura-de-Sousa-Santos-3-109x150.jpg 109w, https:\/\/www.lepeuplequimanque.org\/wp-content\/uploads\/2015\/01\/Boaventura-de-Sousa-Santos-3.jpg 437w\" sizes=\"auto, (max-width: 160px) 100vw, 160px\" \/><\/a>Boaventura de Sousa Santos\u00a0<\/strong>is Professor of Sociology, University of Coimbra (Portugal), and Distinguished Legal Scholar at the University of Wisconsin-Madison. He earned an LL.M and J.S.D. from Yale University and holds the Degree of Doctor of Laws, <em>Honoris Causa<\/em>, by McGill University.\u00a0 He is director of the Center for Social Studies at the University of Coimbra and has written and published widely on the issues of globalization, sociology of law and the state, epistemology, social movements and the World Social Forum. He has been awarded several prizes, most recently the Science and Technology Prize of Mexico, 2010,\u00a0and the Kalven Jr. Prize of the Law and Society Association, 2011.\u00a0 His most recent project <em>ALICE: Leading Europe to a New Way of Sharing the World Experiences<\/em> is funded by an Advanced Grant of the European Research Council. The project was initiated in July 2011 and will continue for the next five years. His most recent books in English are:<em> Toward a New Legal Common Sense: Law, Globalization and Emancipation. <\/em>London: Butterworths, 2002; (editor) <em>Democratizing Democracy. Beyond the Liberal Democratic Canon. <\/em>London: Verso, 2005; (co-editor, with Cesar Rodriguez-Gavarito)<em> Law and Globalization from Below: Towards a Cosmopolitan Legality.<\/em> Cambridge: Cambridge University Press, 2005; <em>The Rise of the Global Left: The World Social Forum and Beyond<\/em>. London: Zed Books, 2006; <em>Another Production is Possible: Beyond the Capitalist Canon. <\/em>London: Verso, 2006; <em>Another Knowledge is Possible: Beyond Northern Epistemologies<\/em>. London: Verso 2007;<em> Cognitive Justice in a Global World: Prudent Knowledges for a Decent Life.<\/em> Lanham: Lexington Books, 2007; <em>Voices of the World. <\/em>London: Verso 2010; <em>Epistemologies of the South: Justice against Epistemicide<\/em> (Paradigm Publishers, 2014); <em>If God Were a Human Rights Activist<\/em> (Stanford University Press, 2015, forthcoming).<\/p>\n<p>&nbsp;<\/p>\n<p><strong><a id=\"camilledetoledo\"><\/a>Camille de Toledo<\/strong> (writer, artist, based in Berlin)<strong><br \/>\n<a href=\"https:\/\/www.lepeuplequimanque.org\/wp-content\/uploads\/2015\/01\/Camille-de-Toledo-photo.jpg\" rel=\"prettyPhoto[gallery-HJpv]\"><img loading=\"lazy\" decoding=\"async\" class=\"espace alignright wp-image-1042\" src=\"https:\/\/www.lepeuplequimanque.org\/wp-content\/uploads\/2015\/01\/Camille-de-Toledo-photo-150x102.jpg\" alt=\"Camille de Toledo, 2012 - photo de P. Journ\u00e9 \" width=\"220\" height=\"151\" srcset=\"https:\/\/www.lepeuplequimanque.org\/wp-content\/uploads\/2015\/01\/Camille-de-Toledo-photo-150x102.jpg 150w, https:\/\/www.lepeuplequimanque.org\/wp-content\/uploads\/2015\/01\/Camille-de-Toledo-photo-300x205.jpg 300w, https:\/\/www.lepeuplequimanque.org\/wp-content\/uploads\/2015\/01\/Camille-de-Toledo-photo.jpg 876w\" sizes=\"auto, (max-width: 220px) 100vw, 220px\" \/><\/a>Eutopia, the Country Where the Language is Translation<\/strong><br \/>\nWhat history of decentering, imbalance, vertigo, emerges from the space I call \u201cbetween- -languages\u201d? Which worlds, which communities, which affiliations can be apprehended through \u201ctranslation-as-language\u201d? How has working on the gap and the space that opens up between languages helped me to inhabit the non-place, the u-topos in which we find ourselves? Which links are forged between that space and the need to rebuild a horizon of expectations? How do what I call \u201chope\u201d in the sense of Ernst Bloch, or \u201cpotentialities\u201d, \u201cfutures\u201d arise from a fragmented Jewish memory? These are the questions I try to raise by evoking \u201cEutopia\u201d, a multifaceted project with documentary, theoretical, visual, and literary dimensions &#8230;<br \/>\n<strong>Camille de Toledo<\/strong> lives in Berlin. In 2004 he obtained a grant from the Villa Medici in both categories \u201ccinema\u201d and \u201cliterature\u201d. In 2005, he began writing <em>Strates: une arch\u00e9ologie fictionnelle<\/em>, in which the theme of \u201cvertigo\u201d appeared for the first time. In spring 2008, he founded the European Society of Authors, designed as an \u201cinstitutional fiction\u201d. In 2010 he took up residence at the Glass Menagerie. His installation, \u201c<em>Hantologie-s: une residence surveill\u00e9e<\/em>\u201d resulted in his eviction. In March 2010, his novel, <em>Vies p\u00f8tentielles<\/em> was published at Editions du Seuil. In 2013 he signed the libretto and the video of the opera <em>The Fall of Fukuyama<\/em> presented at Salle Pleyel. In 2014 in Berlin, he presented \u201cSecession\u201d. With the entity Mittel-Europa, he is currently working on several pieces and narratives, including: \u201cThe Potential Exhibition\u201d, \u201cHistory Reloaded\u201d, and a multidimensional utopia entitled \u201cEutopia: the Country Where Translation is the Language\u201d, under the name CHTO.<\/p>\n<p>&nbsp;<\/p>\n<p><strong><a id=\"cesarcornejo\"><\/a>Cesar Cornejo<\/strong> (artist, based in Lima)<br \/>\n<strong>Puno Museum of Contemporary Art Conciliating Opposites<\/strong><br \/>\n<a href=\"https:\/\/www.lepeuplequimanque.org\/wp-content\/uploads\/2015\/01\/Cesar-Cornejo-Ruinas-de-Huanchaca.jpg\" rel=\"prettyPhoto[gallery-HJpv]\"><img loading=\"lazy\" decoding=\"async\" class=\"espace alignright wp-image-1043\" src=\"https:\/\/www.lepeuplequimanque.org\/wp-content\/uploads\/2015\/01\/Cesar-Cornejo-Ruinas-de-Huanchaca-300x263.jpg\" alt=\"Cesar Cornejo\" width=\"220\" height=\"193\" srcset=\"https:\/\/www.lepeuplequimanque.org\/wp-content\/uploads\/2015\/01\/Cesar-Cornejo-Ruinas-de-Huanchaca-300x263.jpg 300w, https:\/\/www.lepeuplequimanque.org\/wp-content\/uploads\/2015\/01\/Cesar-Cornejo-Ruinas-de-Huanchaca-150x131.jpg 150w, https:\/\/www.lepeuplequimanque.org\/wp-content\/uploads\/2015\/01\/Cesar-Cornejo-Ruinas-de-Huanchaca.jpg 684w\" sizes=\"auto, (max-width: 220px) 100vw, 220px\" \/><\/a>The Puno Museum of Contemporary Art was created in 2007 as a response to the absence of a museum of contemporary art in Peru at that time. It departs from the premise that in order to create a model of museum that responds to the reality of a place of extreme economical, social and cultural differences like Peru, it needs to depart from the existing resources or lack of them, to create a model that embodies the same reality rather than imposing an artificial one. Puno MoCA stands as an alternative to the traditional model of museum at different levels including the exhibition space, relationships between viewer and the host, who beyond benefiting from being part of the experience of having art works displayed in their homes, sees in it the much more mundane but concrete purpose of having their homes improved.<br \/>\n<strong>Cesar Cornejo<\/strong> has received awards from the Creative Capital Foundation, Lower Manhattan Cultural Council, The British Council and the Ministry of Education of Japan among others. He has exhibited and completed public projects in South America, Asia, Europe and the US. His work has been included in exhibitions like V Bienal el Barro, Venezuela, S-Files Museo del Barrio, NY, Busan Biennial in South Korea and Art Positions at Art Basel Miami 2011. His work will also be included in the Havana Biennial 2015 and the In+Out 2015 pilot project for the Poznan Biennial in Poland. He received a PhD in Fine Arts from the Tokyo University of the Arts and a license in Architecture from the Ricardo Palma University in Lima Peru. He is associate professor of art at the University of South Florida in Tampa.<\/p>\n<p>&nbsp;<\/p>\n<p><strong><a id=\"charlesesche\"><\/a>Charles Esche<\/strong> (curator and theorist)<strong> <a href=\"https:\/\/www.lepeuplequimanque.org\/wp-content\/uploads\/2015\/01\/Charles_Esche.jpg\" rel=\"prettyPhoto[gallery-HJpv]\"><img loading=\"lazy\" decoding=\"async\" class=\"espace alignright wp-image-1044\" src=\"https:\/\/www.lepeuplequimanque.org\/wp-content\/uploads\/2015\/01\/Charles_Esche-300x225.jpg\" alt=\"Charles Esche\" width=\"220\" height=\"165\" srcset=\"https:\/\/www.lepeuplequimanque.org\/wp-content\/uploads\/2015\/01\/Charles_Esche-300x225.jpg 300w, https:\/\/www.lepeuplequimanque.org\/wp-content\/uploads\/2015\/01\/Charles_Esche-150x112.jpg 150w, https:\/\/www.lepeuplequimanque.org\/wp-content\/uploads\/2015\/01\/Charles_Esche.jpg 800w\" sizes=\"auto, (max-width: 220px) 100vw, 220px\" \/><\/a><\/strong><strong><br \/>\nCharles Esche<\/strong> (1962) is a curator, director, writer and Afterall publisher. In April 2014, he was awarded Bard College\u2019s Audrey Irmas Award for Curatorial Excellence. The prize honors multiple things including Esche\u2019s endless commitment to rethinking what art can do and redefining what it can be. He currently directs the Van Abbemuseum in Eindhoven, and over the past two decades has been involved in exhibitions as:<em>Strange and Close<\/em> at CAPC, Bordeaux (2011); <em>An Idea for Living<\/em> at the U3 Slovene Triennale (2011);the 2nd and 3rd RIWAQ Biennials in Ramallah, Palestine (2007\/2009); the 9th International Istanbul Biennial (2005); and the 4<sup>th<\/sup>Gwangju Biennale, Republic of Korea (2002). He curated the 31<sup>st<\/sup> Sao Paulo Bienale which opened in the fall of 2014.<\/p>\n<p><a href=\"https:\/\/www.lepeuplequimanque.org\/wp-content\/uploads\/2015\/01\/david-ruffel.jpg\" rel=\"prettyPhoto[gallery-HJpv]\"><img loading=\"lazy\" decoding=\"async\" class=\"espace alignright wp-image-1330\" src=\"https:\/\/www.lepeuplequimanque.org\/wp-content\/uploads\/2015\/01\/david-ruffel-225x300.jpg\" alt=\"David Ruffel\" width=\"165\" height=\"220\" srcset=\"https:\/\/www.lepeuplequimanque.org\/wp-content\/uploads\/2015\/01\/david-ruffel-225x300.jpg 225w, https:\/\/www.lepeuplequimanque.org\/wp-content\/uploads\/2015\/01\/david-ruffel-113x150.jpg 113w, https:\/\/www.lepeuplequimanque.org\/wp-content\/uploads\/2015\/01\/david-ruffel.jpg 450w\" sizes=\"auto, (max-width: 165px) 100vw, 165px\" \/><\/a><\/p>\n<p><a id=\"davidruffel\"><\/a><strong>David Ruffel <\/strong>(artistic director, Masn\u00e2a, lives and works in Casablanca)<br \/>\nDavid Ruffel is a teacher, independent researcher, and editor at the Editions Verdier (France). He republished \u201cL\u2019H\u00f4pital\u201dby Ahmed Bouanani (2012) and co-directed with Kenza Sefrioui the collective &#8220;Casablanca oeuvre ouverte&#8221; (Editions Le Fennec, 2012). He is the Artistic Director of the Ecole de litt\u00e9rature et de la manifestation MASNA\u00c2 CREATION CRITIQUE, in collaboration with Meryem Jazouli, Hassan Darsi, Florence Darsi, L\u00e9a Morin, Corinne Troisi, La Source du Lion, and the Espace Darja.<\/p>\n<p>&nbsp;<\/p>\n<p><strong><a id=\"edercastillo\"><\/a>Eder Castillo<\/strong> (artist, Tlalnepantla, Me\u0301xico)<br \/>\n<a href=\"https:\/\/www.lepeuplequimanque.org\/wp-content\/uploads\/2015\/01\/Eder-Castillo-2014.jpg\" rel=\"prettyPhoto[gallery-HJpv]\"><img loading=\"lazy\" decoding=\"async\" class=\"espace alignright wp-image-1045\" src=\"https:\/\/www.lepeuplequimanque.org\/wp-content\/uploads\/2015\/01\/Eder-Castillo-2014-300x200.jpg\" alt=\"Eder Castillo (2014)\" width=\"220\" height=\"147\" srcset=\"https:\/\/www.lepeuplequimanque.org\/wp-content\/uploads\/2015\/01\/Eder-Castillo-2014-300x200.jpg 300w, https:\/\/www.lepeuplequimanque.org\/wp-content\/uploads\/2015\/01\/Eder-Castillo-2014-150x100.jpg 150w, https:\/\/www.lepeuplequimanque.org\/wp-content\/uploads\/2015\/01\/Eder-Castillo-2014.jpg 900w\" sizes=\"auto, (max-width: 220px) 100vw, 220px\" \/><\/a><strong>The Museum Inflamable\u00a0(GuggenSITO)<\/strong><br \/>\nThe cultural institution, the museum as representational space, had been left behind in front of its own dialogue mechanisim crisis, each time farther away from the true themes and social conflicts, the museum have not stablished yet horizontal dialogues with their public. GuggenSITO emerge as alternative critic figure towards the Modern Cultural Institution. It manifest and work as an inflate dispositive, at the same time it emule and deconstruct the monumental architecture of the actual museum, hybrid, habitable sculpture capable of transport itself as many territories as possible. Always in free manner for public use. Its final goal is to be destructed by its own nature. In progress https:\/\/www.guggensito.blogspot.mx\/<br \/>\nAutodidact artist. His work active and confront the public space, the limit spaces and the action spaces of the contemporary art. His work have been shown in Sala de Arte Publico Siqueiros; Museum of Art Queretaro; Oaxaca Contemporary Art Museum; Museo Marte, El Salvador; Museum of contemporary Art and Desing, Costa Rica; Plataforma, Bogota; Lugar a dudas, Cali; Art Museum, Puerto Rico; among others. He made an artistic residency at Plataforma Bogota in 2012. He won the FONCA fellowship in 2012-2013 and 2010-2011. He was jury of the Video Festival &#8220;Inquieta Imagen 2011&#8221; in MADC, Costa Rica; also in Del Plano al Cubo, organized concourse by Cultural Office of Espan\u0303a in Mexico in 2011 among others.<\/p>\n<p>&nbsp;<\/p>\n<p><strong><a id=\"eduardojorge\"><\/a>Eduardo Jorge<\/strong> (writer)<strong><br \/>\n<a href=\"https:\/\/www.lepeuplequimanque.org\/wp-content\/uploads\/2015\/01\/Eduardo-JORGE-photo.jpg\" rel=\"prettyPhoto[gallery-HJpv]\"><img loading=\"lazy\" decoding=\"async\" class=\"espace alignright wp-image-1046\" src=\"https:\/\/www.lepeuplequimanque.org\/wp-content\/uploads\/2015\/01\/Eduardo-JORGE-photo-300x200.jpg\" alt=\"Eduardo Jorge (photo: Carolina Ariza)\" width=\"220\" height=\"147\" srcset=\"https:\/\/www.lepeuplequimanque.org\/wp-content\/uploads\/2015\/01\/Eduardo-JORGE-photo-300x200.jpg 300w, https:\/\/www.lepeuplequimanque.org\/wp-content\/uploads\/2015\/01\/Eduardo-JORGE-photo-150x100.jpg 150w, https:\/\/www.lepeuplequimanque.org\/wp-content\/uploads\/2015\/01\/Eduardo-JORGE-photo.jpg 900w\" sizes=\"auto, (max-width: 220px) 100vw, 220px\" \/><\/a>Towards a morphological frame of mind: a topology of critical fictions<\/strong><br \/>\nWhy do we speak of a &#8220;topology&#8221; of critical fiction? If every fiction might appear as a knot in space, it might be possible to map some of these places invented by artists in resonance with critical debate. In this proposition we will discuss the possibility of morphology of fiction with the ambition to think it anew, borrowing concepts from other disciplines. Could an installation thus invite us to go beyond the museum space? This gesture as a critical operation would alter the &#8220;topos&#8221; of the exhibition. I propose a retroactive reading of the installation <em>Mission\/Missions<\/em>, created in 1986 by Cildo Meirles, installed as part of the exhibition <em>Les Magiciens de la Terre<\/em>; it would even be possible to create a critical fiction of this work, regarding the 2500 bovine tibias, 700 communion wafers, and 60 000 coins in the light of the sub-title which is an allusion to the art of constructing cathedrals.<br \/>\n<strong>Eduardo Jorge<\/strong> has completed his PhD on the textures of animality in literature and visual arts in cotutelle between the \u00c9cole Normale Sup\u00e9rieure (ENS) in Paris and the department theory of literature ot the Federal University of Minas Gerais (UFMG) under the supervision of Dominique Lestel and Maria Ester Maciel. He currently pursues a research project \u201cA people without maps, maps without a people (Images and forces of the earth)\u201d at the Institute for Language Studies (IEL) of de University of Campinas &#8211; (Unicamp\/FAPESP) at S\u00e3o Paulo, in Brazil.<strong><br \/>\n<\/strong><\/p>\n<p>&nbsp;<\/p>\n<p><strong><a id=\"elenasorokina\"><\/a>Elena Sorokina<\/strong><br \/>\n<a href=\"https:\/\/www.lepeuplequimanque.org\/wp-content\/uploads\/2015\/01\/elena-sorokina.jpg\" rel=\"prettyPhoto[gallery-HJpv]\"><img loading=\"lazy\" decoding=\"async\" class=\"espace alignright wp-image-1211\" src=\"https:\/\/www.lepeuplequimanque.org\/wp-content\/uploads\/2015\/01\/elena-sorokina-200x300.jpg\" alt=\"Elena Sorokina (Photo by Ana Vega)\" width=\"146\" height=\"220\" srcset=\"https:\/\/www.lepeuplequimanque.org\/wp-content\/uploads\/2015\/01\/elena-sorokina-200x300.jpg 200w, https:\/\/www.lepeuplequimanque.org\/wp-content\/uploads\/2015\/01\/elena-sorokina-100x150.jpg 100w, https:\/\/www.lepeuplequimanque.org\/wp-content\/uploads\/2015\/01\/elena-sorokina.jpg 283w\" sizes=\"auto, (max-width: 146px) 100vw, 146px\" \/><\/a><strong>(Science) Fictional Universalism<\/strong><br \/>\nThis presentation is based on the project Zero Gravity Revolt (2012), which designed a speculative museum of the future. Based on the rare texts from the 1930s Soviet science fiction, the history displayed and narrated in this museum follows the example of a classical dystopia applied to today&#8217;s concerns. It starts with a diplomatic agreement organizing the colonisation of the Solar System, and finishes with the end of the Anthropocene world.\u00a0This presentation, entitled (Science) Fictional Universalism, is an exhibition of the exhibition, a &#8220;narrated show&#8221;, reinterpreting the events which constituted the original project. Every exhibition opens more questions than it can answer, and this presentation will focus on issues which remained marginal in the original exhibition: politics and geography of the sci-fi of this particular period and region, and the very early ideas of &#8220;mobility&#8221;, &#8220;spatial precarity&#8221; as well as 1930s obsession with the ideas of the &#8220;universal modernity&#8221;.<br \/>\n<strong>Elena Sorokina<\/strong> is a Russian-born, Paris based curator and art historian, alumna of the Whitney Museum of American Art ISP in New York. She obtained her masters degree in art history from the Friedrich Wilhelm&#8217;s University in Bonn, Germany. She recently co-organized &#8220;Spaces of Exception&#8221; a special project for the Moscow Biennial, the symposium &#8220;What is a postcolonial exhibition?&#8221;, a collaborative project of SMBA\/Stedelijk Museum Amsterdam and the Stedelijk Museum. Her recent exhibitions include (selection): &#8220;Temps Tritur\u00e9. Agnes Varda&#8221; at LVMH in Brussels, &#8220;Petroliana&#8221; at Moscow Museum of Modern Art; &#8220;Laws of Relativity&#8221; at the Fondazione Sandretto Re Rebaudengo, Turin; &#8220;On Traders&#8217; Dilemmas&#8221; at Yerba Buena Center for the Arts, San Francisco; \u201cSc\u00e8nes Centrales&#8221; at Tri Postal, Lille; &#8220;Etats de l&#8217;Artifice&#8221; at the Musee d&#8217;Art Moderne de la Ville de Paris, and others. She published in numerous catalogs, and has been writing for Artforum, Flash Art, Cabinett Magazine, Manifesta Journal, Moscow Art Magazine, and other publications. Sorokina is a frequent speaker in international conferences and has been invited as guest lecturer to ISCP, New York; Garage CCC, Moscow; Centre Pompidou, Paris, and other institutions.<\/p>\n<p>&nbsp;<\/p>\n<p><strong><br \/>\n<a id=\"emanuellecherel\"><\/a><a href=\"https:\/\/www.lepeuplequimanque.org\/wp-content\/uploads\/2015\/01\/Emmanuelle-Cherel.jpg\" rel=\"prettyPhoto[gallery-HJpv]\"><img loading=\"lazy\" decoding=\"async\" class=\"espace alignright wp-image-1127\" src=\"https:\/\/www.lepeuplequimanque.org\/wp-content\/uploads\/2015\/01\/Emmanuelle-Cherel-224x300.jpg\" alt=\"Emmanuelle Ch\u00e9rel\" width=\"149\" height=\"200\" srcset=\"https:\/\/www.lepeuplequimanque.org\/wp-content\/uploads\/2015\/01\/Emmanuelle-Cherel-224x300.jpg 224w, https:\/\/www.lepeuplequimanque.org\/wp-content\/uploads\/2015\/01\/Emmanuelle-Cherel-112x150.jpg 112w, https:\/\/www.lepeuplequimanque.org\/wp-content\/uploads\/2015\/01\/Emmanuelle-Cherel.jpg 448w\" sizes=\"auto, (max-width: 149px) 100vw, 149px\" \/><\/a>Emmanuelle Ch\u00e9rel<\/strong> (art historian, based in Nantes)<br \/>\n<strong>Revisiting the paradigms of art history<\/strong><br \/>\nIn France,<em style=\"line-height: 1.5;\"> Magiciens de la Terre <\/em><span style=\"line-height: 1.5;\">is a <\/span><em style=\"line-height: 1.5;\">legendary<\/em><span style=\"line-height: 1.5;\"> exhibition whose protracted overexposure (Beaubourg, 2014) obscures its French complexity. Despite the disruptions it effected, the exhibition was designed by its curator Jean-Hubert Martin without integrating postcolonial criticism. A number of observers even rejoiced (Michel Nuridsany), in a chauvinistic impulse, that France had regained its ability to produce an event \u201cin the great universalist tradition of yesteryear\u201d. As Jean-Marc Poinsot emphasized (in <\/span><em style=\"line-height: 1.5;\">Making Art Global, part 2, Magiciens de la Terre, 1989<\/em><span style=\"line-height: 1.5;\"> Afterall, 2013), while in 1989 post-colonial struggles had already gone international for several decades, the gap between international work and awareness of it in France was abysmal. France\u2019s very selective \u201cforgetting\u201d of the past, which came out regularly \u201cembellished\u201d according to political realignments, blinded it to certain social transformations (Marche de l\u2019\u00e9galit\u00e9 in 1983) \u2013 to such an extent that France had to wait several more years before the first quality work on slavery, the colonial period, postcolonial issues, the study of the links between the development of ethnographic collections and colonization, the reconquest of pasts and the restitution of other conceptual divisions of the world, was developed in the writings of French authors. New projects must now be undertaken to go back on the context that allowed the emergence of <\/span><em style=\"line-height: 1.5;\">Magiciens de la Terre<\/em><span style=\"line-height: 1.5;\">, to understand the structural paradigms of the the French art scene and examine their blind spots. Hannah Feldman\u2019s recent work, <\/span><em style=\"line-height: 1.5;\">From a<\/em> <em style=\"line-height: 1.5;\">Nation Torn &#8211; Decolonizing Art and Representation in France 1945-1962<\/em><span style=\"line-height: 1.5;\"> (Duke University Press, 2014) contributes to that project. It offers, in an essential first revision, to revisit the history of French modernism whose emergence Feldman places during the Second World War, and not later. Emphasizing the historical circumstances that shaped its production and reception in decades throughout which France waged a long series of wars to maintain its colonial empire, Feldman also points out the effects of decolonization, both political and aesthetic, on art and theories of representation. <strong>E<\/strong><\/span><span style=\"line-height: 1.5;\"><strong>mmanuelle Ch\u00e9rel<\/strong> is a habilitated doctor in History of Contemporary Art, member of the <\/span><em style=\"line-height: 1.5;\">Langages, actions urbaines et alt\u00e9rit\u00e9s research<\/em><span style=\"line-height: 1.5;\"> lab at the Ecole Nationale d\u2019Architecture of Nantes. Working on the political dimensions of art, she has written numerous texts (for <\/span><em style=\"line-height: 1.5;\">Mouvements, Black Camera, Multitudes<\/em><span style=\"line-height: 1.5;\">, etc.) and published <\/span><em style=\"line-height: 1.5;\">Le M\u00e9morial de l\u2019abolition de l\u2019esclavage de Nantes<\/em><span style=\"line-height: 1.5;\"> \u2013 <\/span><em style=\"line-height: 1.5;\">Enjeux et controverses<\/em><span style=\"line-height: 1.5;\"> (PUR, 2012). At the Ecole sup\u00e9rieure des Beaux-arts in Nantes, she has been since 2008 at the head of the research project<\/span><em style=\"line-height: 1.5;\"> Pens\u00e9es archip\u00e9liques<\/em><span style=\"line-height: 1.5;\"> working around postcolonial and decolonial theories. She is a member of the group <\/span><em style=\"line-height: 1.5;\">Ruser l\u2019image<\/em><span style=\"line-height: 1.5;\"> and is currently co-directing with Fabienne Dumont the book &#8220;<\/span><em style=\"line-height: 1.5;\">Histoire de l&#8217;art et postcolonialit\u00e9 en France : quels enjeux ?<\/em><span style=\"line-height: 1.5;\">&#8221; (PUR).<\/span><\/p>\n<p>&nbsp;<\/p>\n<p><a href=\"https:\/\/www.lepeuplequimanque.org\/wp-content\/uploads\/2015\/01\/Estefania-Penafiel.jpg\" rel=\"prettyPhoto[gallery-HJpv]\"><img loading=\"lazy\" decoding=\"async\" class=\"espace alignright wp-image-1047\" src=\"https:\/\/www.lepeuplequimanque.org\/wp-content\/uploads\/2015\/01\/Estefania-Penafiel-300x199.jpg\" alt=\"Estefan\u00eda Pe\u00f1afiel Loaiza\" width=\"220\" height=\"147\" srcset=\"https:\/\/www.lepeuplequimanque.org\/wp-content\/uploads\/2015\/01\/Estefania-Penafiel-300x199.jpg 300w, https:\/\/www.lepeuplequimanque.org\/wp-content\/uploads\/2015\/01\/Estefania-Penafiel-150x99.jpg 150w, https:\/\/www.lepeuplequimanque.org\/wp-content\/uploads\/2015\/01\/Estefania-Penafiel.jpg 901w\" sizes=\"auto, (max-width: 220px) 100vw, 220px\" \/><\/a><strong><a id=\"estefaniapenafiel\"><\/a>Estefan\u00eda Pe\u00f1afiel Loaiza<\/strong>\u00a0was born in Quito, Ecuador in 1978 and has been living in Paris since 2002. A graduate of the Ecole Nationale Sup\u00e9rieure des Beaux Arts de Paris, she has participated in post-graduate programs, residences and workshops and exhibits regularly in France and abroad. She works with various mediums and languages, among the themes that run through her works are a particular interest in history and travel, as well as a constant exploration of the tensions between the visible and the invisible, appearance and disappearance, the word and the gaze.<\/p>\n<p>&nbsp;<\/p>\n<p><a id=\"fernandobryce\"><\/a><strong>Fernando Bryce<\/strong> (artist)<br \/>\n<a href=\"https:\/\/www.lepeuplequimanque.org\/wp-content\/uploads\/2015\/01\/fernando-bryce-1.jpg\" rel=\"prettyPhoto[gallery-HJpv]\"><img loading=\"lazy\" decoding=\"async\" class=\"espace alignright wp-image-1252\" src=\"https:\/\/www.lepeuplequimanque.org\/wp-content\/uploads\/2015\/01\/fernando-bryce-1-227x300.jpg\" alt=\"Fernando Bryce\" width=\"166\" height=\"220\" srcset=\"https:\/\/www.lepeuplequimanque.org\/wp-content\/uploads\/2015\/01\/fernando-bryce-1-227x300.jpg 227w, https:\/\/www.lepeuplequimanque.org\/wp-content\/uploads\/2015\/01\/fernando-bryce-1-113x150.jpg 113w, https:\/\/www.lepeuplequimanque.org\/wp-content\/uploads\/2015\/01\/fernando-bryce-1.jpg 453w\" sizes=\"auto, (max-width: 166px) 100vw, 166px\" \/><\/a>Fernando Bryce was born in Lima in 1965 and now divides his time between Lima and Berlin.\u00a0After a short period of studies in Visual Arts at the Catholic university in Lima he travels in 1984 to Paris where he continues his Art Studies at the University of Paris VIII and at the \u00c9cole des Beaux Arts de Paris. Received the prize for the National Biennial of Lima 2000 and the fellowship at the German Academy in Rome, Villa Massimo 2009. Selected Ehibitions of the last years:\u201dTo the Civilized World\u201d Gallerie Barbara Thumm, Berlin; \u201cDrawing Modern History\u201d, MALI, Lima, MUAC, Mexico City, MALBA, Buenos Aires, 2011\/2012; &#8220;El Mundo en Llamas&#8221;, Alexander and Bonin Gallery, New York, 2011 (Solo Show); Drawn from Photography, The Drawing Center, New York, 2011; Historias de la Vida Material, Fundaci\u00f3n Helga de Alvear, C\u00e1ceres, 2011; Modelos para armar, pensar Latinoam\u00e9rica desde la colecci\u00f3n del MUSAC, Le\u00f3n, 2010; Linie Line Linea, Zeichnung der Gegenwart, Kunstmuseum Bonn, 2010; &#8220;L&#8217;Humanit\u00e9&#8221;, Galer\u00eda Joan Prats, Barcelona, 2009 (Solo Show);<\/p>\n<p>&nbsp;<\/p>\n<p><strong><a id=\"francoiseverges\"><\/a>Fran\u00e7oise Verg\u00e8s<\/strong> (political scientist)<strong><br \/>\n<a href=\"https:\/\/www.lepeuplequimanque.org\/wp-content\/uploads\/2015\/01\/Fran\u00e7oise-Verges.jpg\" rel=\"prettyPhoto[gallery-HJpv]\"><img loading=\"lazy\" decoding=\"async\" class=\"espace alignright wp-image-1048\" src=\"https:\/\/www.lepeuplequimanque.org\/wp-content\/uploads\/2015\/01\/Fran\u00e7oise-Verges-300x300.jpg\" alt=\"Fran\u00e7oise Verg\u00e8s\" width=\"220\" height=\"220\" srcset=\"https:\/\/www.lepeuplequimanque.org\/wp-content\/uploads\/2015\/01\/Fran\u00e7oise-Verges-300x300.jpg 300w, https:\/\/www.lepeuplequimanque.org\/wp-content\/uploads\/2015\/01\/Fran\u00e7oise-Verges-150x150.jpg 150w, https:\/\/www.lepeuplequimanque.org\/wp-content\/uploads\/2015\/01\/Fran\u00e7oise-Verges.jpg 600w\" sizes=\"auto, (max-width: 220px) 100vw, 220px\" \/><\/a>Maps and the dynamics of forgetting<\/strong><br \/>\nThe notion of forgetting \u2013 groups, minorities, territories, stories \u2013 is a political constant. It is used to articulate the critique of marginalization and ask for its disappearance. Forgetting is the result of a certain idea of the nation-state (democratic or not) and a necessity of capital. The crisscrossing dynamics of both necessities produces a cartography of spaces that are either plunged into oblivion (forgotten) because they no longer produce desired goods or hold coveted resources, or conversely, that are identified as areas deserving of interest and investment. However, no territory is ever completely forgotten, if only because it remains a secondary market useful for dumping consumer goods. The strategy of the undermined has been, and still is, to refuse to be forgotten, to require the inclusion of forgotten chapters of history, ignored representations and marginalized narratives. This legitimate strategy produces power struggles that lead to changes in perspective and writing. It is therefore necessary to continue. In this paper, however, we wish to question the notion of forgetting. If the operation of the nation-state and capital seem to \u201cforget\u201d certain territories and therefore their inhabitants, resulting in their marginalization and impoverishment, is the notion of forgetting the most relevant? What exactly is being forgotten? For psychoanalysis, the subject forgets knowingly albeit unconsciously. It is there but we do not want to see it. We would also like to propose a strategy that would start with forgotten spaces and try to recreate them by bypassing the master narrative and without seeking to complete it.<br \/>\n<strong>Fran\u00e7oise Verg\u00e8s<\/strong> currently holds the \u201cGlobal South(s)\u201d chair at the College of Global Studies, Paris, and is consulting professor at Goldsmiths College, London. She has published numerous books and articles in French and English. Her recent publications include: \u201cA Sound Like a Rumour\u201d in Kader Attia, RepaiR, Paris, 2014; Les Armes miraculeuses, Paris, 2014; Exposer l\u2019esclavage: m\u00e9thodologies et pratiques, Paris: 2013. Equally an author of films, she has also organized guided tours at the Louvre (\u00ab L\u2019Esclave au Louvre : une humanit\u00e9 Invisible \u00bb, 2012-2013), and the exhibitions \u201cDix femmes puissantes \u201c (2013) and \u201cHa\u00efti, effroi des oppresseurs, espoir des opprim\u00e9s\u201d (2014) in Nantes, as well as performances at the Palais de Tokyo around Thomas Hirshhorn\u2019s \u201c Flame \u00e9ternelle\u201d.<\/p>\n<p>&nbsp;<\/p>\n<p><strong><a id=\"gustavobuntix\"><\/a>Gustavo Buntinx<\/strong> (art historian, curator, works and lives in Lima, Peru)<br \/>\n<a href=\"https:\/\/www.lepeuplequimanque.org\/wp-content\/uploads\/2015\/01\/Gustavo-Buntinx.jpg\" rel=\"prettyPhoto[gallery-HJpv]\"><img loading=\"lazy\" decoding=\"async\" class=\"espace alignright wp-image-1082\" src=\"https:\/\/www.lepeuplequimanque.org\/wp-content\/uploads\/2015\/01\/Gustavo-Buntinx.jpg\" alt=\"Gustavo Buntinx\" width=\"218\" height=\"220\" srcset=\"https:\/\/www.lepeuplequimanque.org\/wp-content\/uploads\/2015\/01\/Gustavo-Buntinx.jpg 277w, https:\/\/www.lepeuplequimanque.org\/wp-content\/uploads\/2015\/01\/Gustavo-Buntinx-148x150.jpg 148w\" sizes=\"auto, (max-width: 218px) 100vw, 218px\" \/><\/a>Gustavo Buntinx, is a curator, an art historian and author of the book E.P.S. Huayco. Documentos (Lima, Centro Cultural de Espa\u00f1a, 2005). Born in Buenos Aires and resident in Lima for many years, Gustavo Buntinx was director of the\u00a0Museo de Arte Italiano in Lima, the\u00a0Museo de Arte de San Marcos, the Cultural Centre of the National University of San Marcos in Lima and leads the Micromuseum project, a museum-archive initiative set around different meanings of the term &#8220;micro&#8221;, in the sense of small, transportable, public and nomadic. He is the author of numerous works on Latin American visual arts and forms part of the Colectivo Sociedad Civil (Civil Society Collective), active participants in the social movement that contributed so much to the (cultural) fall of the dictator Alberto Fujimori in the year 2000. He was teaching in\u00a0the\u00a0Universidad de San Marcos (Unmsm), Lima,\u00a0University of Buenos Aires (UBA), Universidad Nacional Aut\u00f3noma de M\u00e9xico (Unam) and University of Sao Paulo (USP). His writings and curatorial projects were presented in\u00a0peruvian entities\u00a0(Museo de Arte de Lima, Instituto Cultural Peruano Norteamericano, Bienal de Trujillo, notably) and international entities (MIT Press, Museo de Arte Contempor\u00e1neo de Monterrey, Museo Real de B\u00e9lgica, International Center for Visual Arts de Londres, Museo Extreme\u00f1o e Iberoamericano de Arte Contempor\u00e1neo in\u00a0Badajoz, New Museum in\u00a0Nueva York, Museo de Arte Latinoamericano in\u00a0Buenos Aires, notably).<\/p>\n<p>&nbsp;<\/p>\n<p><strong><a id=\"idasoulard\"><\/a>Ida Soulard<\/strong> (art historian, lives and works in Paris)<br \/>\n<strong>T\u00e9ratologies f\u00e9ministes<br \/>\n<\/strong><em>Les Magiciens de la Terre<\/em> avaient permis en 1989 l\u2019\u00e9mergence d\u2019une nouvelle cartographie des subjectivit\u00e9s et de leurs expressions. En faisant un pas de c\u00f4t\u00e9, il s\u2019agira de consid\u00e9rer les grandes lignes d\u2019une histoire qui a permis la formation de ce nouveau paysage et qui a couru sur les soixante derni\u00e8res ann\u00e9es : celle des mouvements f\u00e9ministes. En tra\u00e7ant une rapide t\u00e9ratologie cognitive et f\u00e9ministe, il s\u2019agira de voir quels sont les monstres, ces figures du n\u00e9gatif, depuis lesquels penser aujourd\u2019hui.<br \/>\n<strong><a href=\"https:\/\/www.lepeuplequimanque.org\/wp-content\/uploads\/2015\/01\/Ida-Soulard.jpg\" rel=\"prettyPhoto[gallery-HJpv]\"><img loading=\"lazy\" decoding=\"async\" class=\"espace alignright wp-image-1049\" src=\"https:\/\/www.lepeuplequimanque.org\/wp-content\/uploads\/2015\/01\/Ida-Soulard.jpg\" alt=\"Ida Soulard\" width=\"220\" height=\"220\" srcset=\"https:\/\/www.lepeuplequimanque.org\/wp-content\/uploads\/2015\/01\/Ida-Soulard.jpg 200w, https:\/\/www.lepeuplequimanque.org\/wp-content\/uploads\/2015\/01\/Ida-Soulard-150x150.jpg 150w\" sizes=\"auto, (max-width: 220px) 100vw, 220px\" \/><\/a>Ida Soulard <\/strong>is an art historian and she currently works as co-director for Fieldwork: Marfa, an international research program run by les beaux-arts de Nantes and HEAD-Gen\u00e8ve. She cofounded in 2011 a series of seminars and workshops entitled <em>The Matter of Contradiction<\/em> (2011-2013), currently works on a book cowritten with artist Fabien Giraud, entitled <em>The Marfa Stratum<\/em>, and is a co-founder of <em>Glass Bead<\/em>, a research platform and journal to be published in 2015. She currently teaches at the Ecole des Beaux-arts in Nantes.<strong><br \/>\n<\/strong><\/p>\n<p>&nbsp;<\/p>\n<p><strong><a id=\"jeanclaudemoineau\"><\/a>Jean-Claude Moineau<\/strong> (art theorist, lives and works in Paris)<strong><br \/>\n<strong><a href=\"https:\/\/www.lepeuplequimanque.org\/wp-content\/uploads\/2015\/01\/Jean-Claude-Moineau-back_to_the_future01.jpg\" rel=\"prettyPhoto[gallery-HJpv]\"><img loading=\"lazy\" decoding=\"async\" class=\"espace alignright wp-image-1076\" src=\"https:\/\/www.lepeuplequimanque.org\/wp-content\/uploads\/2015\/01\/Jean-Claude-Moineau-back_to_the_future01-300x300.jpg\" alt=\"Jean-Claude Moineau\" width=\"220\" height=\"221\" srcset=\"https:\/\/www.lepeuplequimanque.org\/wp-content\/uploads\/2015\/01\/Jean-Claude-Moineau-back_to_the_future01-300x300.jpg 300w, https:\/\/www.lepeuplequimanque.org\/wp-content\/uploads\/2015\/01\/Jean-Claude-Moineau-back_to_the_future01-150x150.jpg 150w, https:\/\/www.lepeuplequimanque.org\/wp-content\/uploads\/2015\/01\/Jean-Claude-Moineau-back_to_the_future01.jpg 598w\" sizes=\"auto, (max-width: 220px) 100vw, 220px\" \/><\/a><\/strong>The quarrel of universalism<\/strong><br \/>\nAfter the famous quarrel of universals which lasted from late antiquity to the Western Middle Ages including the Arab authors, doesn\u2019t the quarrel of our times, which appears under different names \u2013 universalism, the universal or even \u201cuniversals\u201d \u2013 reveal itself to be, in the words of Alain de Libera, a genuine \u201cinnovation capacitor\u201d? Moreover, are we witnessing a contradictory double movement: if all references to the universal are suspected, not without reason, of particularism, especially of western-centrism, nevertheless all attempts to escape the universal, from preromanticism to decolonialism, still betray a residual quest for the universal or for a universal, even if is a universal that remains to be built.<br \/>\n<strong>Jean-Claude Moineau<\/strong> is an art theorist who taught art and art theory cutting across traditional disciplinary lines at Universit\u00e9 Paris 8. In 2006-2008, he was advisor to the 15th Biennale de Paris. He has authored, among other works, <em>L\u2019Art dans l\u2019indiff\u00e9rence de l\u2019art<\/em> (Paris, PPT, 2001),<em> Contre l\u2019art global, pour un art sans identit\u00e9<\/em> (Paris, \u00e8\u00aee 2007) and <em>Retour du futur, L\u2019Art \u00e0 contre-courant<\/em>\u00a0(\u00e8\u00aee\/Art 21, 2010).<\/p>\n<p>&nbsp;<\/p>\n<p><a id=\"jeromedavid\"><\/a><strong><img loading=\"lazy\" decoding=\"async\" class=\"espace alignright wp-image-1130\" src=\"https:\/\/www.lepeuplequimanque.org\/wp-content\/uploads\/2015\/01\/JeromeDavid-300x300.jpg\" alt=\"JeromeDavid\" width=\"220\" height=\"220\" srcset=\"https:\/\/www.lepeuplequimanque.org\/wp-content\/uploads\/2015\/01\/JeromeDavid-300x300.jpg 300w, https:\/\/www.lepeuplequimanque.org\/wp-content\/uploads\/2015\/01\/JeromeDavid-150x150.jpg 150w, https:\/\/www.lepeuplequimanque.org\/wp-content\/uploads\/2015\/01\/JeromeDavid.jpg 454w\" sizes=\"auto, (max-width: 220px) 100vw, 220px\" \/>J\u00e9r\u00f4me David<\/strong> is a professor of literature at the University of Geneva. He is the author of Balzac, une \u00e9thique de la description (Honor\u00e9 Champion, 2010). His research interests are comparative history of literature and the social sciences, cultural globalization and global history of literature, aesthetic theory, and didactics of literature. He has published several books: Spectres de Goethe. Les m\u00e9tamorphoses de la \u00ablitt\u00e9rature mondiale\u00bb, Paris, Les prairies ordinaires, 2011 ; Balzac, une \u00e9thique de la description, Paris, Honor\u00e9 Champion, coll. \u201cRomantisme et modernit\u00e9\u201d, 2010; L\u2019implication de texte. Essais de didactique de la litt\u00e9rature, Presses universitaires de Namur, 2010.<br \/>\n<strong>The arbitration of globalities.<\/strong> What we commonly refer to as globalization embraces countless processes whose vectors, rhythms and amplitudes are often heterogeneous. In the field of literature, the effective circulation networks of literary works or aesthetics, sometimes highly disparate, is caught up in a constellation of shadowy institutions: contagious dreams of Weltliteratur, hopes of critical alliances, implicit heritages of scattered publics. These often competing, sometimes even incommensurable, globalities are not easily mapped. Indigenous conceptions exceed scholarly syntheses; history dissociates contemporaneities. The pairing of these globalities requires an arbitration that finds its justification in political epistemology.<\/p>\n<p>&nbsp;<\/p>\n<p><b>Joaqu\u00edn Barriendos<\/b> teaches at Columbia University (Department of Latin American and Iberian Cultures). He specializes in Latin American Art Studies, Visual Culture, and Cross-Cultural Museum Studies. In 2010 he was fellow-researcher at the Institute National d\u2019Histoire de l\u2019Art-Par\u00eds (Art et Mondialisation) and in 2009 visiting-researcher in the Program in Museum Studies (New York University). He serves in the Editorial Board of <em>Journal of Visual Culture<\/em> (SAGE), <em>Revista Hisp\u00e1nica Moderna<\/em> (Columbia University, N.Y.) and <em>Shift: Graduate Journal of Visual and Material Culture<\/em>. He founded in 2007 www.culturasvisualesglobales.net, and launched in 2009 a ten-years research project entitled <em>The Rise of Global Art: A Geopolitical View on the International Contemporary Art System<\/em> (University of Barcelona). He has published extensively on the economic, aesthetic, racial, and epistemic asymmetries that give shape to the so-called global art world. His book <em>Geoest\u00e9tica y Transculturalidad<\/em> was awarded in 2007 the annual prize on art theory, conferred by the Fundaci\u00f3 Espais d&#8217;Art Contemporani. In 2011 he co-edited the multi-author book <em>Global Circuits: The Geography of Art and the New Configurations of Critical Thought<\/em> (ACCA). He collaborates with diverse networks such as <em>Red Conceptualismos del Sur<\/em>, <em>Visual Culture in Europe, Tristest\u00f3picos<\/em>, and is member of ACCA-International Association of Art Critics.<b><br \/>\n<\/b><\/p>\n<p>&nbsp;<\/p>\n<p><strong><a id=\"johnpfeffer\"><\/a>John Peffer<\/strong> (art theorist, based in Johannesburg)<br \/>\n<strong>Communiqu\u00e9 from a future where Magiciens never happened<\/strong><br \/>\nA fictional proposition: an historian from a speculative future sends a letter back in time to a young art historian interested in the global historiography of contemporary art. In this future the acclaimed exhibit &#8220;Magiciens de la terre&#8221; has never even occurred. The communique enumerates those events and situations, some familiar to our own experience but some unfamiliar, which are understood to have been important art events before and since 1989, but without Magiciens in the picture. This intervention proposes that Magiciens, in the long view, was irrelevant to the current state of &#8216;global art.&#8217;<br \/>\n<strong>John Peffer<\/strong> is a specialist in modern African art and photography and Associate Professor of Art History at Ramapo College in New Jersey. He is Past President of the Arts Council of the African Studies Association (ACASA), the author of Art and the End of Apartheid (2009) and co-editor of Photography and Portraiture in Africa (2013). Dr. Peffer&#8217;s research has examined the historiography of African Art History, art and visual culture in South Africa during apartheid, and general issues of global modernity and human rights in art, photography, and visuality. During 2015 he is a visiting professor at the Wits Institute for Social and Economic Research and at the University of Johannesburg while conducting research on popular photography in South Africa.<\/p>\n<p>&nbsp;<\/p>\n<p><a href=\"https:\/\/www.lepeuplequimanque.org\/wp-content\/uploads\/2015\/01\/Julia-Morandeira-photo.jpg\" rel=\"prettyPhoto[gallery-HJpv]\"><img loading=\"lazy\" decoding=\"async\" class=\"espace alignright wp-image-1051\" src=\"https:\/\/www.lepeuplequimanque.org\/wp-content\/uploads\/2015\/01\/Julia-Morandeira-photo-300x181.jpg\" alt=\"Julia Morandeira Arrizabalaga\" width=\"220\" height=\"133\" srcset=\"https:\/\/www.lepeuplequimanque.org\/wp-content\/uploads\/2015\/01\/Julia-Morandeira-photo-300x181.jpg 300w, https:\/\/www.lepeuplequimanque.org\/wp-content\/uploads\/2015\/01\/Julia-Morandeira-photo-150x90.jpg 150w, https:\/\/www.lepeuplequimanque.org\/wp-content\/uploads\/2015\/01\/Julia-Morandeira-photo.jpg 994w\" sizes=\"auto, (max-width: 220px) 100vw, 220px\" \/><\/a><strong><a id=\"juliamorandeira\"><\/a>Julia Morandeira Arrizabalaga<\/strong> (independent curator)<br \/>\n<strong>Canibalia: a\u00a0geo-aesthetic of predation<\/strong><br \/>\nMy contribution to the encounter stems from my current project,\u00a0Canibalia,\u00a0a research and exhibition which explores the geography -aesthetic, political and colonial-\u00a0inaugurated\u00a0by\u00a0the\u00a0invention of the cannibal in the 16th century.\u00a0Further\u00a0exploring the logic of predation, capture and digestion of the other, it posits a geo-philosophy of perspectives and positions,\u00a0in which subject, territory and environment reciprocate the plasticity of thought. Thecanibalia\u00a0is\u00a0here understood not simply as a geographic emplacement, but as a counter-topia that allow us to puncture, challenge and ultimately expropriate the hegemonic epistemic and visual regime that traditionally framed it. In sum, the project\u00a0invites to (un)think cannibalism and the cannibal as spaces of dissidence, desire, community, ecology and exchange. Can anthropophagy posit a new logic and vocabulary for an unbounded geo-aesthetic to emerge?<br \/>\n<strong>Julia Morandeira Arrizabalaga<\/strong> is an independent curator and researcher. Her practice deals with issues of geography and globalisation, production and exhibition apparatuses in art and culture, and their inscription as sites of knowledge. She is a founding member of Magnetic Declination, an artistic research and production group exploring decolonial imaginaries and production strategies. At the moment she is completing a curatorial residency at Kadist Art Foundation in Paris, where she will present the exhibition project Canibalia in February 2015.<\/p>\n<p>&nbsp;<\/p>\n<p><strong><a href=\"https:\/\/www.lepeuplequimanque.org\/wp-content\/uploads\/2015\/01\/Kader-Attia-photo.jpg\" rel=\"prettyPhoto[gallery-HJpv]\"><img loading=\"lazy\" decoding=\"async\" class=\"espace alignright wp-image-1052\" src=\"https:\/\/www.lepeuplequimanque.org\/wp-content\/uploads\/2015\/01\/Kader-Attia-photo-300x228.jpg\" alt=\"Kader Attia (photo: Per Kristiansen)\" width=\"220\" height=\"168\" srcset=\"https:\/\/www.lepeuplequimanque.org\/wp-content\/uploads\/2015\/01\/Kader-Attia-photo-300x228.jpg 300w, https:\/\/www.lepeuplequimanque.org\/wp-content\/uploads\/2015\/01\/Kader-Attia-photo-150x114.jpg 150w, https:\/\/www.lepeuplequimanque.org\/wp-content\/uploads\/2015\/01\/Kader-Attia-photo.jpg 787w\" sizes=\"auto, (max-width: 220px) 100vw, 220px\" \/><\/a><a id=\"kaderattia\"><\/a>Kader Attia<\/strong> is an Algerian artist, living in Berlin. His work tackles the relations between Western thought and extra-Occidental cultures, particularly through the practice of repairing sacred and profane objects. Recent exhibitions include Contre Nature, a solo show at the Beirut Art Center; Reparatur 5. Acts, a solo show at KW Institute for Contemporary Art, Berlin; Construire, D\u00e9construire, Reconstruire : Le Corps Utopique, a solo show at Mus\u00e9e d\u2019Art Moderne de la Ville de Paris; dOCUMENTA(13) in Kassel; and Performing Histories (1) at MoMA, New York.<\/p>\n<p>&nbsp;<\/p>\n<p><strong><a id=\"kapwanikiwanga\"><\/a>Kapwani Kiwanga<\/strong> (artist)<br \/>\n<a href=\"https:\/\/www.lepeuplequimanque.org\/wp-content\/uploads\/2015\/01\/Kapwani-Kiwanga.jpg\" rel=\"prettyPhoto[gallery-HJpv]\"><img loading=\"lazy\" decoding=\"async\" class=\"espace alignright wp-image-1053\" src=\"https:\/\/www.lepeuplequimanque.org\/wp-content\/uploads\/2015\/01\/Kapwani-Kiwanga-300x200.jpg\" alt=\"Kapwani Kiwanga\" width=\"220\" height=\"147\" srcset=\"https:\/\/www.lepeuplequimanque.org\/wp-content\/uploads\/2015\/01\/Kapwani-Kiwanga-300x200.jpg 300w, https:\/\/www.lepeuplequimanque.org\/wp-content\/uploads\/2015\/01\/Kapwani-Kiwanga-150x100.jpg 150w, https:\/\/www.lepeuplequimanque.org\/wp-content\/uploads\/2015\/01\/Kapwani-Kiwanga.jpg 900w\" sizes=\"auto, (max-width: 220px) 100vw, 220px\" \/><\/a>Kapwani Kiwanga\u2019s projects are materialized by installations, videos, sound installations and performances. Truth and fiction are intentionally confused in her work to destabilize hegemonic narratives and create spaces in which neglected, renegade and fantastic discourses are allowed to develop. Kapwani Kiwanga studied Comparative Religion and Anthropology at McGill University (Montreal, Canada). She followed the program \u201cLa Seine\u201d at the Ecole Nationale Sup\u00e9rieure des Beaux-Arts in Paris and Le Fresnoy, France (Studio National d\u2019Art Contemporain). She was artist in residence at the MU Foundation in Eindhoven, Holland. Twice nominated for BAFTA awards, her films have won several awards at international festivals. She has exhibited internationally, including at the Centre Georges Pompidou (France), the Glasgow Centre of Contemporary Art (UK), the Bienal Internacional de Arte Contempor\u00e1neo Almer\u00eda (Spain), the Kassel Documentary Film Festival (Germany), the Kaleidoscope Arena Rome (Italy), Paris Photo (France), the Ethnographic Museum in Berlin (Germany), the Jeu de Paume (France), Hebbel Am Ufer (Germany), SALT (Turkey), and the Swedish Contemporary Art Foundation (Sweden).<br \/>\n<strong>The Matinga collection: towards a museum of the invisible.<\/strong><br \/>\nKapwani Kiwanga presents some key elements from Dr Joy Matinga&#8217;s personal collection on immaterial culture and places this collection in dialogue with the correspondences she held with her colleagues around the development of a museum of the invisible.<\/p>\n<p>&nbsp;<\/p>\n<p><strong><a id=\"kiluanjikia\"><\/a>Kiluanji Kia Henda<\/strong><br \/>\nKiluanji Kia Henda lives and works in Luanda, Angola, and Lisbon, Portugal. This year, his work has been included in the group shows: \u2018Tomorrow Was Already Here\u2019, Museo Tamayo, Mexico City; \u2018Les Ateliers de Rennes \u2013 Biennale of Contemporary Art\u2019, Les Praires, Rennes, France; \u2018SuperPower: Africa in Science Fiction\u2019, Arnolfini, Bristol, UK; \u2018You Are Now Entering\u2014\u2019, cca Derry-Londonderry, UK; \u2018Doublebound Economies\u2019, Halle 14, Leipzig, Germany; and \u2018Experimental Station\u2019, Centro de Arte y Creaci\u00f3n Industrial LABoral, Gij\u00f3n, Spain. In 2013, his work will be included in shows at the Calouste Gulbenkian Foundation, Lisbon, the Centre Culturel Gulbenkian, Paris, France, and the Sharjah Art Museum, UAE.<\/p>\n<p>&nbsp;<\/p>\n<p><strong><a id=\"lionelruffel\"><\/a>Lionel Ruffel<\/strong> (literary theorist)<br \/>\n<a href=\"https:\/\/www.lepeuplequimanque.org\/wp-content\/uploads\/2015\/01\/Lionel-Ruffel.jpg\" rel=\"prettyPhoto[gallery-HJpv]\"><img loading=\"lazy\" decoding=\"async\" class=\"espace alignright wp-image-1054\" src=\"https:\/\/www.lepeuplequimanque.org\/wp-content\/uploads\/2015\/01\/Lionel-Ruffel-256x300.jpg\" alt=\"Lionel Ruffel\" width=\"220\" height=\"258\" srcset=\"https:\/\/www.lepeuplequimanque.org\/wp-content\/uploads\/2015\/01\/Lionel-Ruffel-256x300.jpg 256w, https:\/\/www.lepeuplequimanque.org\/wp-content\/uploads\/2015\/01\/Lionel-Ruffel-128x150.jpg 128w, https:\/\/www.lepeuplequimanque.org\/wp-content\/uploads\/2015\/01\/Lionel-Ruffel.jpg 512w\" sizes=\"auto, (max-width: 220px) 100vw, 220px\" \/><\/a><strong>Brouhaha, worlds of the contemporary<\/strong><br \/>\n\u201cHow to conceive of the contemporary?\u201d, \u201cHow to write the contemporary?\u201d. Such were the questions that followed the classic \u201cWhat is the contemporary?\u201d, when it turned out that there would be no unequivocal or definitive answer to that quest \u2013 although that didn\u2019t prevent it from spreading to all fields that could be potentially be affected by it: museology, art criticism, media theory, literary, theatre and choreographic studies, history, philosophy, cultural studies, critical theory etc. All fields but also a large number of spaces: from the heart of Euro-American modernity to postcolonial spaces; from Latin American centers to South Asian megacities; from books to magazines, from exhibitions to the canvas. There is no such a thing as a contemporary, but \u201ccontemporaries\u201d expressed in a variety of discourses that form a historical mode of the brouhaha. How can one account for this multiplicity, which can sometimes be contradictory? Certainly not by annexing it to a single location that would say \u201cthe contemporary is this or that\u201d, but by following the globalized ramifications of the issues of a period, because such a thing as isues of a period does exist. A few transversal ensembles then emerge which have a highly meaningful for a conception of the contemporary: exhibition and public spaces, time and the media, (de)canonization and translation, scenes and controversies, historicity and globality, culture and archeology.<br \/>\n<strong>Lionel Ruffel<\/strong> is a professor of general and comparative literature at Universit\u00e9 Paris 8 and a member of the Institut Universitaire de France. He is currently Leverhulme Visiting Professor at St Andrews University. He is the author of three texts: Brouhaha, les mondes du contemporain (forthcoming, 2015), Le D\u00e9nouement (Verdier, 2005), Volodine post-exotique (C\u00e9cile Defaut, 2007) ; he has directed or codirected three collective works: A quoi jouons-nous? (C\u00e9cile Defaut, 2008),Qu\u2019est-ce que le contemporain? (C\u00e9cile Defaut, 2010), Volodine etc. (Classiques Garnier, 2013, with Fr\u00e9d\u00e9rik Detue) and with Olivia Rosenthal, a journal issue: \u201cLa Litt\u00e9rature expos\u00e9e : les \u00e9critures contemporaines hors du livre\u201d, Litt\u00e9rature, n\u00b0160 (4\/2010). He is also co-director of the collection chao\u00efd (Verdier editions), former co-director of the magazine of the same name (2000-2007) and founding member of the collective \u00ab L\u2019\u00e9cole de litt\u00e9rature \u00bb.<\/p>\n<p>&nbsp;<\/p>\n<p><strong><a href=\"https:\/\/www.lepeuplequimanque.org\/wp-content\/uploads\/2015\/01\/Maria-Hlavajova.jpg\" rel=\"prettyPhoto[gallery-HJpv]\"><img loading=\"lazy\" decoding=\"async\" class=\"espace alignright wp-image-1091\" src=\"https:\/\/www.lepeuplequimanque.org\/wp-content\/uploads\/2015\/01\/Maria-Hlavajova-300x300.jpg\" alt=\"Maria Hlavajova\" width=\"220\" height=\"220\" srcset=\"https:\/\/www.lepeuplequimanque.org\/wp-content\/uploads\/2015\/01\/Maria-Hlavajova-300x300.jpg 300w, https:\/\/www.lepeuplequimanque.org\/wp-content\/uploads\/2015\/01\/Maria-Hlavajova-150x150.jpg 150w, https:\/\/www.lepeuplequimanque.org\/wp-content\/uploads\/2015\/01\/Maria-Hlavajova.jpg 600w\" sizes=\"auto, (max-width: 220px) 100vw, 220px\" \/><\/a><a id=\"mariahlavajova\"><\/a>Maria Hlavajova<\/strong> is the founder and artistic director of BAK, basis voor actuele kunst, Utrecht since 2000, and artistic director of FORMER WEST (2008\u20132016), which she initiated and developed as an international collaborative research, education, publication, and exhibition undertaking. Hlavajova has organized numerous projects at BAK and beyond, including the series <em>Future Vocabularies <\/em>(2014\u20132016), <em>New World Academy<\/em> with artist Jonas Staal (2013\u2013ongoing), and the international research projects <em>The Return of Religion and Other Myths <\/em>(2008), <em>On Knowledge Production: Practices in Contemporary Art<\/em> (2006), <em>Concerning War <\/em>(2005), and <em>Who if not we should at least imagine the future of all this? 7 episodes on (ex)changing Europe <\/em>(2004), as well as exhibitions with artists such as Josef Dabernig, Sanja Ivekovi\u0107, Aernout Mik, Artur \u017bmijewski, Lawrence Weiner, and many others. In 2011, Hlavajova organized the Roma Pavilion, titled <em>Call the Witness<\/em>, within the framework of the 54th Venice Biennale, Venice, and in 2007 she curated the three-part project <em>Citizens and Subjects<\/em>, the Dutch contribution to the 52nd Venice Biennale. In 2000 she co-curated Manifesta 3, European Biennial of Contemporary Art, titled <em>Borderline Syndrome: Energies of Defence <\/em>in Ljubljana. She also edits and contributes to numerous critical readers and catalogs, and lectures frequently on contemporary art. Together with Kathrin Rhomberg, she is a founding director of the <em>tranzit<\/em> network, a foundation that supports cultural exchange and contemporary art practices in Austria, the Czech Republic, Hungary, Romania, and Slovakia. Hlavajova lives and works in Amsterdam and Utrecht.<\/p>\n<p>&nbsp;<\/p>\n<p><strong><strong><strong><a id=\"malickndiaye\"><\/a>Malick Ndiaye<\/strong><\/strong><\/strong> (art historian, based in Dakar)<strong><strong><strong><br \/>\n<\/strong><\/strong><a href=\"https:\/\/www.lepeuplequimanque.org\/wp-content\/uploads\/2015\/01\/Malick-Ndiaye.jpg\" rel=\"prettyPhoto[gallery-HJpv]\"><img loading=\"lazy\" decoding=\"async\" class=\"espace alignright wp-image-1075\" src=\"https:\/\/www.lepeuplequimanque.org\/wp-content\/uploads\/2015\/01\/Malick-Ndiaye-282x300.jpg\" alt=\"Malick Ndiaye\" width=\"150\" height=\"159\" srcset=\"https:\/\/www.lepeuplequimanque.org\/wp-content\/uploads\/2015\/01\/Malick-Ndiaye-282x300.jpg 282w, https:\/\/www.lepeuplequimanque.org\/wp-content\/uploads\/2015\/01\/Malick-Ndiaye-141x150.jpg 141w, https:\/\/www.lepeuplequimanque.org\/wp-content\/uploads\/2015\/01\/Malick-Ndiaye.jpg 398w\" sizes=\"auto, (max-width: 150px) 100vw, 150px\" \/><\/a>For a knowledge-producing cultural politics<\/strong><br \/>\nThis intervention deals with Senegalese cultural institutions with respect to an ecology of knowledge on art. Since the 2000s, emerging art centers \u2013 connected to discourses on global art \u2013 have been drawing new cultural cartographies by means of interdisciplinary approaches that take the form of research, development, and the production of knowledge and archives. However, the institution and the archive held a major place in cultural public policies, whose planning has been democratized since the 1990s. Starting from a constructivist approach, we will seek to understand how the new forms of knowledge conveyed by these art centers gradually submerged old globalizing discursive paradigms inherited from an intellectual history of the 1960s.<br \/>\n<strong>Malick Ndiaye <\/strong>is an art historian. After a postdoctoral contract at the C.A.P. Labex (CRAL. EHESS\/CNRS), he is currently a researcher at IFAN\/Cheikh Anta Diop University of Dakar. A graduate from the Institut National du Patrimoine (Museums section) and a former bursar of the Institut National d\u2019Histoire de l\u2019Art, he is a specialist of contemporary art, African heritages and postcolonial studies. He coordinates various scientific activities around these themes, is a frequent collaborator in scientific journals and participates in international conferences.<\/p>\n<p>&nbsp;<\/p>\n<p><strong><strong><a id=\"mathieuabonnenc\"><\/a>Mathieu Kleyebe Abonnenc<\/strong> <\/strong>(artist, based in Metz, France)<strong><br \/>\n<\/strong><a href=\"https:\/\/www.lepeuplequimanque.org\/wp-content\/uploads\/2015\/01\/Mathieu-ABONNENC.jpg\" rel=\"prettyPhoto[gallery-HJpv]\"><img loading=\"lazy\" decoding=\"async\" class=\"espace alignright wp-image-1056\" src=\"https:\/\/www.lepeuplequimanque.org\/wp-content\/uploads\/2015\/01\/Mathieu-ABONNENC-200x300.jpg\" alt=\"Mathieu Abonnenc\" width=\"150\" height=\"225\" srcset=\"https:\/\/www.lepeuplequimanque.org\/wp-content\/uploads\/2015\/01\/Mathieu-ABONNENC-200x300.jpg 200w, https:\/\/www.lepeuplequimanque.org\/wp-content\/uploads\/2015\/01\/Mathieu-ABONNENC-100x150.jpg 100w, https:\/\/www.lepeuplequimanque.org\/wp-content\/uploads\/2015\/01\/Mathieu-ABONNENC.jpg 318w\" sizes=\"auto, (max-width: 150px) 100vw, 150px\" \/><\/a>Mathieu Kleyebe Abonnenc seeks to examine the forms of cultural hegemony that provide a basis for the evolution of our contemporary societies. Dealing with videos, photographs, installations, drawings and exhibition projects, Mathieu Kleyebe Abonnenc explores the dominant principles of representation by appropriating existing elements and events relating to the imperial and colonial histories of so-called developed countries. Objects belonging to a collective memory, whose universalist principles have been on trial for over one century. Each of these elements needs to be constantly renegotiated in order to show its relations to contemporary issues of identity, community, and nation construction and to renew with the possibility of reinventing artistic action and policy. Mathieu Kleyebe Abonnenc graduated from the Ecole des Beaux-Arts of Marseille in 2002. He participated in the \u201cLa Seine\u201d research program of the Ecole Nationale Sup\u00e9rieure des Beaux-Arts de Paris from 2006 to 2008. In 2013, his work was the subject of two solo exhibitions, Songs for a Mad King at the Basel Kunsthalle in Switzerland, and Kannibalen at Bielefelder-Kunstverein in Germany. In 2012, two institutions, the Serralves Foundation in Porto, Portugal, and Pavilion in Leeds, United Kingdom, organized solo exhibitions of the artist. In 2012 Mathieu Kleyebe Abonnenc also participated in the Paris Triennial, Intense Proximit\u00e9, at the Palais de Tokyo, and in group exhibitions at the Ricard Foundation in Paris and the ICA (Institute of Contemporary Art) in Philadelphia, United States.<br \/>\n<strong>Biographies of a few invisible agents<\/strong> <em>Biography of an invisible agent (phlebotomus abonnenci<\/em>) attempts to establish a shared biography between a scientist and an insect to which the scientist has given his name. For the scientist and his descendants, the insect appears as a parent, certainly not human, but yet quite alive. If the Linnean taxonomy and its use in the description of fauna allows you to name an insect after the scientist who first encountered it, could we not try to apply some of the codes of kinship to try and disrupt and extend the effects of this convention? Could we not imagine this insect, the <em>phlebotomus abonnenci<\/em>, whose name I share, as a parent, an ancestor, whose presence and unpredictable, shapeless qualities would at the same time be a memory of a located past and the promise of a time in which affinities and families have exceeded irremediably, for better or for worse, all the classification methods inherited from the Enlightenment? So with this proposal of biographies I would like to extend these modes of association between humans and non-humans, orienting them towards objects commonly considered inanimate? I would like to connect these throwback effects in order to try to describe those moments when things we thought we knew return, barely changed but enough to permanently modify the structures intended to preserve, describe them or exhibit them. The biographies will therefore take as objects the tsetse fly, a mosquito parent and its human double and finally a few items now conserved at the Mus\u00e9e du Quai Branly in Paris after having long been conserved at the Mus\u00e9e de l\u2019Homme.<\/p>\n<p>&nbsp;<\/p>\n<table>\n<tbody>\n<tr>\n<td><strong><a id=\"#nicolasvieillescazes\"><\/a>Nicolas Vieillescazes<\/strong><br \/>\nNicolas Vieillescazes is an editor at Les Prairies ordinaires. He translated the works of Fredric Jameson. He was a lecturer at the Sorbonne University in Paris (in 2012).<br \/>\n<strong>Totalization as imperative<\/strong><br \/>\nNicolas Vieillescazes\u2019s intervention will focus on \u201cpostmodern\u201d critiques of the concept of totality in the 1970s-1980s (which were essentially critiques of Marxism) and on the powerful defense proposed by Jameson in a series of texts that sought to articulate different theoretical scales within the concept of cognitive cartography.<\/td>\n<td><a href=\"https:\/\/www.lepeuplequimanque.org\/wp-content\/uploads\/2015\/01\/nicolas-vieillescazes.jpg\" rel=\"prettyPhoto[gallery-HJpv]\"><img loading=\"lazy\" decoding=\"async\" class=\"espace alignright wp-image-1329\" src=\"https:\/\/www.lepeuplequimanque.org\/wp-content\/uploads\/2015\/01\/nicolas-vieillescazes-200x300.jpg\" alt=\"Nicolas Vieillescazes\" width=\"150\" height=\"226\" srcset=\"https:\/\/www.lepeuplequimanque.org\/wp-content\/uploads\/2015\/01\/nicolas-vieillescazes-200x300.jpg 200w, https:\/\/www.lepeuplequimanque.org\/wp-content\/uploads\/2015\/01\/nicolas-vieillescazes-100x150.jpg 100w, https:\/\/www.lepeuplequimanque.org\/wp-content\/uploads\/2015\/01\/nicolas-vieillescazes.jpg 399w\" sizes=\"auto, (max-width: 150px) 100vw, 150px\" \/><\/a><\/td>\n<\/tr>\n<tr>\n<td><strong><a id=\"olivierhadouchi\"><\/a>Olivier Hadouchi<\/strong> is a doctor in cinema studies (who worked around the liberation struggles surrounding the OSPAAL). He has published papers in Cin\u00e9mAction, Third Text, Mondes du cin\u00e9ma, and La Furia Umana. He has programmed film cycles for le BAL, le B\u00e9tonsalon, and participated in conferences and round tables in Paris, Algiers, Beirut, Belgrade, Berlin, B\u00e9ja\u00efa, Lyon, Nantes, and Lorient.<\/td>\n<td><a href=\"https:\/\/www.lepeuplequimanque.org\/wp-content\/uploads\/2015\/01\/Olivier-Hadouchi.jpg\" rel=\"prettyPhoto[gallery-HJpv]\"><img loading=\"lazy\" decoding=\"async\" class=\"espace alignright wp-image-1084\" src=\"https:\/\/www.lepeuplequimanque.org\/wp-content\/uploads\/2015\/01\/Olivier-Hadouchi-300x300.jpg\" alt=\"Olivier Hadouchi\" width=\"150\" height=\"150\" srcset=\"https:\/\/www.lepeuplequimanque.org\/wp-content\/uploads\/2015\/01\/Olivier-Hadouchi-300x300.jpg 300w, https:\/\/www.lepeuplequimanque.org\/wp-content\/uploads\/2015\/01\/Olivier-Hadouchi-150x150.jpg 150w, https:\/\/www.lepeuplequimanque.org\/wp-content\/uploads\/2015\/01\/Olivier-Hadouchi.jpg 384w\" sizes=\"auto, (max-width: 150px) 100vw, 150px\" \/><\/a><\/td>\n<\/tr>\n<tr>\n<td><strong><a id=\"#oliviermarboeuf\"><\/a>Olivier Marboeuf<\/strong>\u00a0is an author, critic and independent curator. He has been at the head of the Espace Khiasma since 2004.<br \/>\n<strong>The gaseous institution &#8211; Performance<\/strong><br \/>\nRandom gatherings, alliances, riots \u2013 the gaseous institution appears and disappears incessantly. It gives no notice, has no employees and no program. Neither budget nor strategy are ever discussed. Its only place is an intensity, a vitality, a spin. It is always on the verge of collapse, on the verge of exhaustion because its purpose is to empty itself each time completely and unreservedly. It stores nothing. We lose sight of it in authorized circles. Counselors at opening exhibitions announce its ultimate demise, and every time it is reborn in new bodies, in new ephemeral narratives. It leaves behind but a faint trace, it haunts us; that is its program. It is an attempt, a living practice, an inviting power without contours and without size. It takes shape only for a moment, and in that instant it can be seen with dazzling clarity. The gaseous institution has no particular vocation. It finds its rationale in idleness, in its active disappearance. It does not undergo, it acts towards a phantom state. It is a field of particles, a franchise of disappearance, a rhizome, a global and invisible constellation.<\/td>\n<td><a href=\"https:\/\/www.lepeuplequimanque.org\/wp-content\/uploads\/2015\/01\/olivier-marboeuf.jpg\" rel=\"prettyPhoto[gallery-HJpv]\"><img loading=\"lazy\" decoding=\"async\" class=\"espace alignright wp-image-1335\" src=\"https:\/\/www.lepeuplequimanque.org\/wp-content\/uploads\/2015\/01\/olivier-marboeuf-228x300.jpg\" alt=\"Olivier Marboeuf\" width=\"150\" height=\"198\" srcset=\"https:\/\/www.lepeuplequimanque.org\/wp-content\/uploads\/2015\/01\/olivier-marboeuf-228x300.jpg 228w, https:\/\/www.lepeuplequimanque.org\/wp-content\/uploads\/2015\/01\/olivier-marboeuf-114x150.jpg 114w, https:\/\/www.lepeuplequimanque.org\/wp-content\/uploads\/2015\/01\/olivier-marboeuf.jpg 455w\" sizes=\"auto, (max-width: 150px) 100vw, 150px\" \/><\/a><\/td>\n<\/tr>\n<tr>\n<td><strong><a id=\"oluoguibe\"><\/a>Olu Oguibe<\/strong>\u00a0is a professor of Art and African American Studies at University of Connecticut.<\/td>\n<td><a href=\"https:\/\/www.lepeuplequimanque.org\/wp-content\/uploads\/2015\/01\/Olu-Oguibe.jpg\" rel=\"prettyPhoto[gallery-HJpv]\"><img loading=\"lazy\" decoding=\"async\" class=\"espace alignright wp-image-1085\" src=\"https:\/\/www.lepeuplequimanque.org\/wp-content\/uploads\/2015\/01\/Olu-Oguibe-225x300.jpg\" alt=\"Olu Oguibe\" width=\"150\" height=\"200\" srcset=\"https:\/\/www.lepeuplequimanque.org\/wp-content\/uploads\/2015\/01\/Olu-Oguibe-225x300.jpg 225w, https:\/\/www.lepeuplequimanque.org\/wp-content\/uploads\/2015\/01\/Olu-Oguibe-112x150.jpg 112w, https:\/\/www.lepeuplequimanque.org\/wp-content\/uploads\/2015\/01\/Olu-Oguibe.jpg 450w\" sizes=\"auto, (max-width: 150px) 100vw, 150px\" \/><\/a><\/td>\n<\/tr>\n<\/tbody>\n<\/table>\n<p><strong>Pascale Casanova<\/strong> (literary theorist)<br \/>\nPascale Casanova is a researcher and professor of literature at Duke University. She has published, in addition to numerous articles on world literature, Beckett l\u2019Abstracteur (Seuil 1997); La R\u00e9publique mondiale des Lettres (Seuil 1999, Points-Essais 2008), translated in a dozen languages; Kafka en Col\u00e8re (Seuil, coll. Fiction and co., 2012).<\/p>\n<p>&nbsp;<\/p>\n<p><strong><a href=\"https:\/\/www.lepeuplequimanque.org\/wp-content\/uploads\/2015\/01\/Pedro-Lasch_Portrait_Gwangju.jpg\" rel=\"prettyPhoto[gallery-HJpv]\"><img loading=\"lazy\" decoding=\"async\" class=\"espace alignright wp-image-1057\" src=\"https:\/\/www.lepeuplequimanque.org\/wp-content\/uploads\/2015\/01\/Pedro-Lasch_Portrait_Gwangju-300x221.jpg\" alt=\"Pedro Lasch - Portrait Gwangju\" width=\"220\" height=\"162\" srcset=\"https:\/\/www.lepeuplequimanque.org\/wp-content\/uploads\/2015\/01\/Pedro-Lasch_Portrait_Gwangju-300x221.jpg 300w, https:\/\/www.lepeuplequimanque.org\/wp-content\/uploads\/2015\/01\/Pedro-Lasch_Portrait_Gwangju-150x110.jpg 150w, https:\/\/www.lepeuplequimanque.org\/wp-content\/uploads\/2015\/01\/Pedro-Lasch_Portrait_Gwangju.jpg 640w\" sizes=\"auto, (max-width: 220px) 100vw, 220px\" \/><\/a><a id=\"pedrolasch\"><\/a>Pedro Lasch\u00a0<\/strong>(Mexico\/US) has taught art and art theory at Duke University since 2002. He has also led on-going projects with immigrant communities and 16 Beaver Group in New York since 1999. His solo exhibitions and projects include\u00a0<em>Open Routines<\/em>\u00a0(Queens Museum of Art, 2006), <em>Black Mirror<\/em>\u00a0(Nasher Museum of Art, 2008), and <em>Abstract Nationalism <\/em>(The Phillips Collection, 2014); he has also participated in group exhibitions at MoMA PS1,\u00a0MASS MoCA, Walker Art Center, (U.S.A.); Royal College of Art, Hayward Gallery, Baltic (U.K.); Centro Nacional de las Artes, MUAC (Mexico); the Gwangju Biennial (South Korea), and Documenta 13 (AND AND AND).\u00a0The author of two books, his art and writings have also appeared in numerous catalogues and collections, as well as journals like <em>October Magazine<\/em>, <em>Art Forum<\/em>, <em>ARTnews, <\/em>and <em>Rethinking Marxism,<\/em> and international news media like <em>The New York Times and La Jornada.<\/em><\/p>\n<p>&nbsp;<\/p>\n<p><strong><a id=\"revuea\"><\/a>Afrikadaa Journal<\/strong><br \/>\n<strong><a href=\"https:\/\/www.lepeuplequimanque.org\/wp-content\/uploads\/2015\/01\/Pascale-OBOLO.jpg\" rel=\"prettyPhoto[gallery-HJpv]\"><img loading=\"lazy\" decoding=\"async\" class=\"espace alignright wp-image-1086\" src=\"https:\/\/www.lepeuplequimanque.org\/wp-content\/uploads\/2015\/01\/Pascale-OBOLO-233x300.jpg\" alt=\"Pascale Obolo\" width=\"171\" height=\"220\" srcset=\"https:\/\/www.lepeuplequimanque.org\/wp-content\/uploads\/2015\/01\/Pascale-OBOLO-233x300.jpg 233w, https:\/\/www.lepeuplequimanque.org\/wp-content\/uploads\/2015\/01\/Pascale-OBOLO-116x150.jpg 116w, https:\/\/www.lepeuplequimanque.org\/wp-content\/uploads\/2015\/01\/Pascale-OBOLO.jpg 466w\" sizes=\"auto, (max-width: 171px) 100vw, 171px\" \/><\/a>Pascale Obolo<\/strong>\u00a0is a filmmaker and the chief editor of the Afrikadaa journal. Born in Yaounde, Cameroon, she studied at the Conservatoire Libre du cin\u00e9ma fran\u00e7ais in the cinema section and obtained a master\u2019s degree in experimental film at Paris VIII University. Her first films documented the beginning of the Hip Hop movement. A feminist filmmaker, she has also focused on the place of women in artistic circles. Her films have been shown and received awards at many festivals. Her artistic approach as a filmmaker has often derived from visual and digital arts, deliberately breaking with traditional narrative codes. She is also an activist, and her works question memories, identity, exile, invisibility. Her works were exhibited at the Parc de la Villette, the Mus\u00e9e du Montparnasse, the Mus\u00e9e du Quai Branly, at the Mac Val, and at the de Dakar Biennale.\u00a0In 2013, her film Calypso Rose, the Lioness of the Jungle won the Silver Yennega prize at the FESPACO. Obolo is the originator of the Afrikadaa Lab, a contemporary art magazine, and an intellectual and artistic laboratory that aims to encourage a dynamics of creativity in the diaspora and African territories.<br \/>\n<strong><a href=\"https:\/\/www.lepeuplequimanque.org\/wp-content\/uploads\/2015\/01\/Louisa-BABARI.jpg\" rel=\"prettyPhoto[gallery-HJpv]\"><img loading=\"lazy\" decoding=\"async\" class=\"espace alignright wp-image-1083\" src=\"https:\/\/www.lepeuplequimanque.org\/wp-content\/uploads\/2015\/01\/Louisa-BABARI-241x300.jpg\" alt=\"Louisa Babari\" width=\"177\" height=\"220\" srcset=\"https:\/\/www.lepeuplequimanque.org\/wp-content\/uploads\/2015\/01\/Louisa-BABARI-241x300.jpg 241w, https:\/\/www.lepeuplequimanque.org\/wp-content\/uploads\/2015\/01\/Louisa-BABARI-120x150.jpg 120w, https:\/\/www.lepeuplequimanque.org\/wp-content\/uploads\/2015\/01\/Louisa-BABARI.jpg 482w\" sizes=\"auto, (max-width: 177px) 100vw, 177px\" \/><\/a>Louisa Babari<\/strong>\u00a0was born in Moscow, and lives and works in Paris. After completing her studies at the Institut d&#8217;Etudes Politiques in Paris and a cycle of Contemporary Studies, Russian and Cinema Studies at the \u201cLangues&#8217;O\u201d Institute in Paris, she traveled to the former USSR and developed a series of travel logs for the cinema while working in the Fiction department of ARTE under the direction of Pierre Chevalier. She started her own production company in which she wrote several texts for the cinema and made experimental films. She was also involved in supporting and producing many singular films which were selected at numerous international festivals. In 2009 she created with Eglantine Planchon a research platform on the relationship between the artist, the young audience and the institution in the artistic education of children. She collaborated on a mediation program with the Louis Vuitton Foundation for contemporary art. Her work as an artist led her to design films, sound installations and a collage work which engages with the field of film. Her work has been exhibited in France and abroad and gave rise to a publication in 2013, Aesthetics of the Antrum, by the Madrid publishing house, Cabeza de chorlito. She has contributed to the development of Afrikadaa, the first francophone African interactive magazine dedicated to contemporary art, for which she writes articles and essays and produces events and performances.<\/p>\n<p>&nbsp;<\/p>\n<p><strong><a id=\"romainbertrand\"><\/a>Romain Bertrand<\/strong><br \/>\nRomain Bertrand joined CERI in 2001 and became senior research fellow in 2008. He graduated from Sciences Po Bordeaux in 1996 and received his PhD degree from Sciences Po in 2000. His dissertation focused on the entry-paths into political careers of the members of Javanese aristocracy in Dutch Indonesia between 1880 and 1930. He sat on editorial boards of the journals Raisons politiques, Critique internationale, Politix and Gen\u00e8ses and is currently a member of the editorial board of Annales. Histoire, sciences sociales, and sits on the peer-review board of Moussons. He was visiting fellow at Universiti Kebangsaan Malaysia and at Nuffield College, Oxford, and visiting professor at the Department of International Relations of Fudan University, Shanghai and at the Department of Sociology of the New School for Social Science Research in New York. More recently, he lectured at Cornell University (Blumenthal Lectures), at the New School in New York (Hans Speier Lectures), and was keynote speaker at the annual congress of the Koninklijk Nederlands Historisch Genootschap. At Sciences Po, he is in charge, together with St\u00e9phane van Damme (Centre of History) of the research seminar L\u2019\u00e9preuve des Indes about the circulation and the construction of the historiography of knowledge of \u201cthe imperial encounters\u201d in the modern era.<\/p>\n<p>&nbsp;<\/p>\n<p><strong><a id=\"susanatorres\"><\/a>Susana Torres<\/strong> (artist)<br \/>\n<a href=\"https:\/\/www.lepeuplequimanque.org\/wp-content\/uploads\/2015\/01\/Susana-Torres.jpg\" rel=\"prettyPhoto[gallery-HJpv]\"><img loading=\"lazy\" decoding=\"async\" class=\"espace alignright wp-image-1110\" src=\"https:\/\/www.lepeuplequimanque.org\/wp-content\/uploads\/2015\/01\/Susana-Torres-225x300.jpg\" alt=\"Susana Torres\" width=\"165\" height=\"220\" srcset=\"https:\/\/www.lepeuplequimanque.org\/wp-content\/uploads\/2015\/01\/Susana-Torres-225x300.jpg 225w, https:\/\/www.lepeuplequimanque.org\/wp-content\/uploads\/2015\/01\/Susana-Torres-112x150.jpg 112w, https:\/\/www.lepeuplequimanque.org\/wp-content\/uploads\/2015\/01\/Susana-Torres-768x1024.jpg 768w, https:\/\/www.lepeuplequimanque.org\/wp-content\/uploads\/2015\/01\/Susana-Torres.jpg 790w\" sizes=\"auto, (max-width: 165px) 100vw, 165px\" \/><\/a>Susanna Tores was born in 1969 in Lima, Peru. Originally self-taught, Susana Torres reinforced her training with studies in art history, aesthetics, and cosmetology. Her work explores issues of identity and gender. She has participated in numerous group and solo exhibitions, including the 6th Havana Biennial (1997) and the 1st and 2nd Lima Biennials (1997 and 2000). She was a co-founder of Colectivo Sociedad Civil, one of the organizations most active in denouncing the regime of Alberto Fujimori. She collaborated in the art direction and visual conceptualization of Claudia Llosa\u2019s films_Madeinusa_ (2005) and _La teta asustada_ (2007\u20138).<\/p>\n<p>&nbsp;<\/p>\n<p><strong><a id=\"taniabruguera\"><\/a>Tania Bruguera<\/strong><br \/>\nTania Bruguera is an interdisciplinary artist working primarily in behavior art, performance, installation and video. She has been a participant in Documenta 11 (Germany) as well as in several biennales such as Venice (Italy), Johannesburg (South Africa), Sao Paolo (Brazil), Shangai (China), Havana (Cuba), and Site Santa Fe (United States.) Her work has also been exhibited at The New Museum of Contemporary Art (United States); The Museum of Contemporary Art of Chicago (United States); in Europe, Asia and South America. She has lectured extensively internationally among others at The New School in New York, The School of the Art Institute in Chicago, The Royal College of Art in London and The Museum of Modern Art in New York.\u00a0Bruguera was featured in &#8220;Fresh Cream&#8221; (Ed. Phaidon, England); &#8220;Performance Live Art Since 1060&#8217;s&#8221; (Ed. Thames and Hudson, Ltd., England); \u201cArt Tomorrow\u201d (Ed. Terrail, France); Holy terrors: Latin American women perform (Ed. Duke University, United States); \u201cCorpus Delecti -Performance Art of the Americas\u201d (Ed. Routledge, England); New Art of Cuba (Ed. University of Texas Press, United States.) She received her MFAs from The School of the Art Institute of Chicago (United States) and Instituto Superior de Arte (Cuba). Her BFA is from Escuela de Arte San Alejandro (Havana). She currently lives and works between Chicago and Havana. She is the founder \/ director of Arte de Conducta, the first performance studies program in Latin America, hosted by Instituto Superior de Arte in Havana and is faculty at The School of the Art Institute of Chicago.<\/p>\n<p>&nbsp;<\/p>\n<p><strong><a id=\"vincentmessage\"><\/a>Vincent Message<br \/>\nOur Country\u2019s Museums<br \/>\n<\/strong><a href=\"https:\/\/www.lepeuplequimanque.org\/wp-content\/uploads\/2015\/01\/vincent_message.jpg\" rel=\"prettyPhoto[gallery-HJpv]\"><img loading=\"lazy\" decoding=\"async\" class=\"espace alignright wp-image-1058\" src=\"https:\/\/www.lepeuplequimanque.org\/wp-content\/uploads\/2015\/01\/vincent_message-201x300.jpg\" alt=\"Vincent Message\" width=\"147\" height=\"220\" srcset=\"https:\/\/www.lepeuplequimanque.org\/wp-content\/uploads\/2015\/01\/vincent_message-201x300.jpg 201w, https:\/\/www.lepeuplequimanque.org\/wp-content\/uploads\/2015\/01\/vincent_message-100x150.jpg 100w, https:\/\/www.lepeuplequimanque.org\/wp-content\/uploads\/2015\/01\/vincent_message.jpg 402w\" sizes=\"auto, (max-width: 147px) 100vw, 147px\" \/><\/a>Some will deliver a report on the construction of the Great Wall of China, or produce a bumpy, incomplete history of their childhood. But they are beside the point. The point is to report on the museums in our country. They are not made of brick or stone, metal or glass \u2013 they appear and disappear around us all the time. We do not enter them to understand right away. We want to stay haunted by what we have seen, we want the meaning to escape us. Let go and lose your grip, only to find grips later on, or perhaps not at all. At least that was the case until those who have never set foot in our country\u2019s museums manifested themselves.<br \/>\n<strong>Vincent Message<\/strong> is a novelist and essayist. He teaches general and comparative literature as well as creative writing at University Paris 8, Saint-Denis. His novel Les Veilleurs (Seuil), published in 2009, subverts the codes of the detective novel to question the fascination exerted by figures of murderers and madmen. In Romanciers pluralistes (Seuil, 2013), he examines the work of novelists who depict societies torn by conflicts of values. The works of Robert Musil, Carlos Fuentes, Thomas Pynchon, Salman Rushdie and Edouard Glissant occupy the foreground. While developing a pluralistic poetics based on the art of handling multiplicities, the essay highlights the political thinking that structures those novels.<\/p>\n<p>&nbsp;<\/p>\n<p><strong><a id=\"vincentnormand\"><\/a>Vincent Normand<\/strong>\u00a0(writer, curator)<b><br \/>\n<\/b><img loading=\"lazy\" decoding=\"async\" class=\"espace alignright wp-image-1059\" src=\"https:\/\/www.lepeuplequimanque.org\/wp-content\/uploads\/2015\/01\/Vincent-Normand-portrait2-300x225.jpg\" alt=\"Vincent Normand\" width=\"220\" height=\"165\" srcset=\"https:\/\/www.lepeuplequimanque.org\/wp-content\/uploads\/2015\/01\/Vincent-Normand-portrait2-300x225.jpg 300w, https:\/\/www.lepeuplequimanque.org\/wp-content\/uploads\/2015\/01\/Vincent-Normand-portrait2-150x112.jpg 150w, https:\/\/www.lepeuplequimanque.org\/wp-content\/uploads\/2015\/01\/Vincent-Normand-portrait2.jpg 800w\" sizes=\"auto, (max-width: 220px) 100vw, 220px\" \/><strong>The Magic Circle: the Expanded Field and Anthropological Positivism<\/strong><br \/>\nIf Magiciens de la Terre acted as an event marking the advent of art as a global signifier, and if this exhibition helped precipitate an \u201cethnographic turn\u201d in artistic practice (and thus helped explicit the primitivism that shaped the long history of modernism), its consequences for the contemporary art space still seem difficult to apprehend, since they produced most of its implicit scripts and tacit background. This intervention will propose to contribute to the collective conversation by directing our attention to how the \u201cMagiciens effect\u201d can be mobilized as a specifically postmodern intensification of a contradiction inscribed in the modern institution of art, with respect to its implicit universalism. We seek to include the &#8220;Magiciens Effect&#8221; as a symptom in a history that takes into account the historical ontology of the artwork, and thus to claim such a historiography as a way to reformulate and overcome contradictions.<br \/>\n<strong>Vincent Normand<\/strong> is a writer and curator. His exhibition projects include <em>Sinking Islands<\/em> (Mexico City: LABOR, 2012), <em>Fun Palace<\/em> (Paris: Centre Pompidou, 2010) and the triptych <em>The Sirens\u2019 Stage \/ Le Stade des sir\u00e8nes \/ Lo Stato delle sirene<\/em> (London: David Roberts Art Foundation, Paris: Kadist Foundation; Rome Fondazione Nomas, 2010). He is the co-author of the film <em>Contre-Histoire de la S\u00e9paration<\/em> (with Etienne Chambaud, 2010). From 2010 to 2012 he co-edited the journal Criticism and co-directed the Forde art center in Geneva. He now co-directs the newspaper and research platform Glass Bead (glass-bead.org), and teaches at the Ecole d\u2019Art Cantonnale de Lausanne (ECAL). His research has been the subject of conferences at the Centre Pompidou (Paris), at the Banff Centre (Banff, Canada), the Artist&#8217;s Institute (New York), or at Witte de With (Rotterdam). He is also a member of Synapse &#8211; Curators International Network at Haus der Kulturen der Welt, Berlin. His articles have been published in the journals <em>MAY, Witte de With Review, Art Critic<\/em> and <em>Kaleidoscope<\/em>. His recent texts include <em>Echiquiers et Ronciers<\/em> (in Pierre Huyghe, Paris: Centre Pompidou; Cologne: Ludwig Museum; Los Angeles: LACMA, 2013), <em>The Unlimited Realm of the Limit: Objectivity and Schizophrenia<\/em> (wdwreview.org) and In the Planetarium: the Modern Museum on the Anthropocenic course (in <em>Art in the Anthropocene: Encounters Among Aesthetics, Politics, Environments and Epistemologies<\/em>, Open Humanities Press, 2015, ed. Heather Davis and Etienne Turpin.).<\/p>\n<p>&nbsp;<\/p>\n<p><strong><a id=\"yvesmintoogue\"><\/a>Yves Mintoogue<\/strong><br \/>\n<strong>The question of the globalization of art: a metonymy?<br \/>\n<\/strong><a href=\"https:\/\/www.lepeuplequimanque.org\/wp-content\/uploads\/2015\/01\/Yves-Mintoogue.jpg\" rel=\"prettyPhoto[gallery-HJpv]\"><img loading=\"lazy\" decoding=\"async\" class=\"espace alignright wp-image-1060\" src=\"https:\/\/www.lepeuplequimanque.org\/wp-content\/uploads\/2015\/01\/Yves-Mintoogue-275x300.jpg\" alt=\"Yves Mintoogue\" width=\"200\" height=\"218\" srcset=\"https:\/\/www.lepeuplequimanque.org\/wp-content\/uploads\/2015\/01\/Yves-Mintoogue-275x300.jpg 275w, https:\/\/www.lepeuplequimanque.org\/wp-content\/uploads\/2015\/01\/Yves-Mintoogue-137x150.jpg 137w, https:\/\/www.lepeuplequimanque.org\/wp-content\/uploads\/2015\/01\/Yves-Mintoogue.jpg 551w\" sizes=\"auto, (max-width: 200px) 100vw, 200px\" \/><\/a>Since \u201cLes Magiciens de la terre\u201d, the hegemony of the Eurocentric aesthetic canon has been upset by the emergence of other narratives and alternative histories of art. The scope and eventual stakes of the ensuing debates surrounding geoaesthetic models can perhaps only be apprehended if one assumes that the debates replay and metaphorize on an aesthetic level the political conflicts, multifaceted crises and intellectual debates of our time, sparked by the \u201cteleological vision, which defines \u2018progress\u2019 [and modernity] exclusively as the reproduction of the Western model of development\u201d<a href=\"#_ftn1\" name=\"_ftnref1\">[1]<\/a>. Formulated in this way, the basic problem appears to be that of the relation to historical differences in our globalized world and of their actualization in a geoaesthetic regime. This paper will hypothesize that the search for \u201cfair\u201d geoaesthetic models can be approached as a metonymy \u2013with the part referring to the whole \u2013 of a larger body of theoretical and political questions about social transformation and the conditions of living together today. Thus, the reflection on the globalization of art could legitimately draw on experiences of a deepening democratization, through the recognition of minorities\u2019 \u201cright to be different and equal\u201d which, basically, does not reflect assertions of identity and dissimilarity so much as assertions about political and ethical\/aesthetic choice and a humanity which is as ordinary as any other. It remains to be seen how this plurality, fairness and \u201cbanality\u201d of all ways of being human translates to museum institutions. <a href=\"#_ftnref1\" name=\"_ftn1\">[1]<\/a>\u00a0See Pankaj Mishra, \u201cThe Western Model is Broken\u201d, recently published on the Guardian website: https:\/\/www.theguardian.com\/world\/2014\/oct\/14\/-sp-western-model-broken -pankaj-mishra, accessed January 5, 2015.<br \/>\n[1] See Pankaj Mishra, \u201cThe Western Model is Broken\u201d, recently published on the Guardian website: https:\/\/www.theguardian.com\/world\/2014\/oct\/14\/-sp-western-model-broken -pankaj-mishra, accessed January 5, 2015.<br \/>\n<strong>Yves Mintoogue<\/strong> was born in Cameroon. He studied history at the University of Yaounde 1, and political science at the University of Paris 1 Panth\u00e9on-Sorbonne, where he is a PhD student. His research focuses on the field of action and the political creativity of the working classes of the Cameroonian society in the colonial era, especially among activists of the Cameroonian nationalist movement. In 2013, Yves Mintoogue won the award \u201c<em>Mondialisation et \u00e9tudes culturelles<\/em>\u201d and was a researcher at the \u201c<em>programme Recherche et Mondialisation<\/em>\u201d of the Centre Pompidou in Paris. He was granted a doctoral scholarship by the Fondation Martine Aublet (Quai Branly Museum) for the academic year 2013-2014.<\/p>\n<div id=\"gtx-trans\" style=\"position: absolute; left: -32px; top: 34.2188px;\">\n<div class=\"gtx-trans-icon\">\u00a0<\/div>\n<\/div>\n[\/vc_column_text][\/vc_column][vc_column column_padding=&#8221;no-extra-padding&#8221; column_padding_tablet=&#8221;inherit&#8221; column_padding_phone=&#8221;inherit&#8221; column_padding_position=&#8221;all&#8221; column_element_direction_desktop=&#8221;default&#8221; column_element_spacing=&#8221;default&#8221; desktop_text_alignment=&#8221;default&#8221; tablet_text_alignment=&#8221;default&#8221; phone_text_alignment=&#8221;default&#8221; background_color_opacity=&#8221;1&#8243; background_hover_color_opacity=&#8221;1&#8243; column_backdrop_filter=&#8221;none&#8221; column_shadow=&#8221;none&#8221; column_border_radius=&#8221;none&#8221; column_link_target=&#8221;_self&#8221; column_position=&#8221;default&#8221; gradient_direction=&#8221;left_to_right&#8221; overlay_strength=&#8221;0.3&#8243; width=&#8221;1\/4&#8243; tablet_width_inherit=&#8221;default&#8221; animation_type=&#8221;default&#8221; bg_image_animation=&#8221;none&#8221; border_type=&#8221;simple&#8221; column_border_width=&#8221;none&#8221; column_border_style=&#8221;solid&#8221;][\/vc_column][\/vc_row]","protected":false},"excerpt":{"rendered":"<p>[vc_row type=&#8221;in_container&#8221; full_screen_row_position=&#8221;middle&#8221; column_margin=&#8221;default&#8221; column_direction=&#8221;default&#8221; column_direction_tablet=&#8221;default&#8221; column_direction_phone=&#8221;default&#8221; scene_position=&#8221;center&#8221; text_color=&#8221;dark&#8221; text_align=&#8221;left&#8221; row_border_radius=&#8221;none&#8221; row_border_radius_applies=&#8221;bg&#8221; overflow=&#8221;visible&#8221; overlay_strength=&#8221;0.3&#8243; gradient_direction=&#8221;left_to_right&#8221; shape_divider_position=&#8221;bottom&#8221; bg_image_animation=&#8221;none&#8221;][vc_column column_padding=&#8221;no-extra-padding&#8221;&#8230;<\/p>\n","protected":false},"author":1,"featured_media":0,"parent":1029,"menu_order":4,"comment_status":"closed","ping_status":"closed","template":"page-no-sidebar.php","meta":{"footnotes":""},"categories":[],"tags":[],"class_list":["post-1041","page","type-page","status-publish"],"aioseo_notices":[],"_links":{"self":[{"href":"https:\/\/www.lepeuplequimanque.org\/en\/wp-json\/wp\/v2\/pages\/1041","targetHints":{"allow":["GET"]}}],"collection":[{"href":"https:\/\/www.lepeuplequimanque.org\/en\/wp-json\/wp\/v2\/pages"}],"about":[{"href":"https:\/\/www.lepeuplequimanque.org\/en\/wp-json\/wp\/v2\/types\/page"}],"author":[{"embeddable":true,"href":"https:\/\/www.lepeuplequimanque.org\/en\/wp-json\/wp\/v2\/users\/1"}],"replies":[{"embeddable":true,"href":"https:\/\/www.lepeuplequimanque.org\/en\/wp-json\/wp\/v2\/comments?post=1041"}],"version-history":[{"count":0,"href":"https:\/\/www.lepeuplequimanque.org\/en\/wp-json\/wp\/v2\/pages\/1041\/revisions"}],"up":[{"embeddable":true,"href":"https:\/\/www.lepeuplequimanque.org\/en\/wp-json\/wp\/v2\/pages\/1029"}],"wp:attachment":[{"href":"https:\/\/www.lepeuplequimanque.org\/en\/wp-json\/wp\/v2\/media?parent=1041"}],"wp:term":[{"taxonomy":"category","embeddable":true,"href":"https:\/\/www.lepeuplequimanque.org\/en\/wp-json\/wp\/v2\/categories?post=1041"},{"taxonomy":"post_tag","embeddable":true,"href":"https:\/\/www.lepeuplequimanque.org\/en\/wp-json\/wp\/v2\/tags?post=1041"}],"curies":[{"name":"wp","href":"https:\/\/api.w.org\/{rel}","templated":true}]}}