{"id":306,"date":"2011-09-07T00:50:15","date_gmt":"2011-09-06T23:50:15","guid":{"rendered":"https:\/\/www.lepeuplequimanque.org\/bal\/exhibition"},"modified":"2023-11-04T20:13:34","modified_gmt":"2023-11-04T19:13:34","slug":"exhibition","status":"publish","type":"page","link":"https:\/\/www.lepeuplequimanque.org\/en\/bal\/exhibition\/","title":{"rendered":"Exhibition in parallel at BAL &#8211; Topographies of war"},"content":{"rendered":"[vc_row type=&#8221;in_container&#8221; full_screen_row_position=&#8221;middle&#8221; column_margin=&#8221;default&#8221; column_direction=&#8221;default&#8221; column_direction_tablet=&#8221;default&#8221; column_direction_phone=&#8221;default&#8221; scene_position=&#8221;center&#8221; top_padding=&#8221;4%&#8221; text_color=&#8221;dark&#8221; text_align=&#8221;left&#8221; row_border_radius=&#8221;none&#8221; row_border_radius_applies=&#8221;bg&#8221; overflow=&#8221;visible&#8221; overlay_strength=&#8221;0.3&#8243; gradient_direction=&#8221;left_to_right&#8221; shape_divider_position=&#8221;bottom&#8221; bg_image_animation=&#8221;none&#8221; gradient_type=&#8221;default&#8221; shape_type=&#8221;&#8221;][vc_column column_padding=&#8221;no-extra-padding&#8221; column_padding_tablet=&#8221;inherit&#8221; column_padding_phone=&#8221;inherit&#8221; column_padding_position=&#8221;all&#8221; column_element_direction_desktop=&#8221;default&#8221; column_element_spacing=&#8221;default&#8221; desktop_text_alignment=&#8221;default&#8221; tablet_text_alignment=&#8221;default&#8221; phone_text_alignment=&#8221;default&#8221; background_color_opacity=&#8221;1&#8243; background_hover_color_opacity=&#8221;1&#8243; column_backdrop_filter=&#8221;none&#8221; column_shadow=&#8221;none&#8221; column_border_radius=&#8221;none&#8221; column_link_target=&#8221;_self&#8221; column_position=&#8221;default&#8221; gradient_direction=&#8221;left_to_right&#8221; overlay_strength=&#8221;0.3&#8243; width=&#8221;1\/1&#8243; tablet_width_inherit=&#8221;default&#8221; animation_type=&#8221;default&#8221; bg_image_animation=&#8221;none&#8221; border_type=&#8221;simple&#8221; column_border_width=&#8221;none&#8221; column_border_style=&#8221;solid&#8221;][vc_column_text]\n<div align=\"justify\">\n<h2><a href=\"https:\/\/www.le-bal.fr\"><span style=\"font-size: large;\">LE BAL, Paris<\/span><\/a><\/h2>\n<p>En septembre 2011, LE BAL, nouveau lieu culturel d\u00e9di\u00e9 \u00e0 l&#8217;image-document pr\u00e9sid\u00e9 par Raymond Depardon, f\u00eate sa premi\u00e8re ann\u00e9e. Proposant des expositions, des programmes p\u00e9dagogiques, des conf\u00e9rences \/ d\u00e9bats, des masters class, des soir\u00e9es performances et des cycles de cin\u00e9ma hors les murs au Cin\u00e9ma des Cin\u00e9astes, LE BAL offre un panorama de l&#8217;image-document sous toutes ses formes : photographie, vid\u00e9os, cin\u00e9ma, nouveaux m\u00e9dias. LE BAL se veut ainsi plate-forme d&#8217;exposition, de production, d&#8217;\u00e9dition, de rencontres, de d\u00e9bats autour des multiples \u00e9critures du r\u00e9el : essai, typologie, pamphlet, reportage, chronique, d\u00e9tournement, r\u00e9cit, enqu\u00eate.<span style=\"font-family: tahoma,sans-serif;\"><br \/>\n<\/span>LE BAL est install\u00e9 en plein c\u0153ur du 18e arrondissement, dans un lieu surprenant, ancienne guinguette des Ann\u00e9es folles. Sa transformation architecturale permet aujourd&#8217;hui au BAL de disposer de 300m\u00b2 de surfaces d&#8217;exposition, r\u00e9partis sur deux niveaux, ainsi que d&#8217;un caf\u00e9 et d&#8217;une librairie.<br \/>\n<a href=\"https:\/\/www.le-bal.fr\" target=\"_blank\" rel=\"noopener\">https:\/\/www.le-bal.fr<\/a><\/p>\n<\/div>\n<p><a href=\"https:\/\/www.le-bal.fr\/fr\/mh\/topographies-de-la-guerre\/\" target=\"_blank\" rel=\"noopener\"><span style=\"font-size: large;\">TOPOGRAPHIES DE LA GUERRE<\/span><br \/>\nDu 17 septembre au 18 d\u00e9cembre 2011<br \/>\nau BAL, Paris <\/a><\/p>\n<p>&nbsp;<\/p>\n<p><a title=\"jananne-al-ani_shadow-sites-ii_still_aerial-no-1_300dpi-635x635.jpg\" href=\"https:\/\/www.lepeuplequimanque.org\/wp-content\/gallery\/bal2011\/jananne-al-ani_shadow-sites-ii_still_aerial-no-1_300dpi-635x635.jpg\" rel=\"prettyPhoto[gallery-7TH3]\"><img decoding=\"async\" style=\"width: 564px; height: 317px;\" title=\"jananne-al-ani_shadow-sites-ii_still_aerial-no-1_300dpi-635x635.jpg\" src=\"https:\/\/www.lepeuplequimanque.org\/wp-content\/gallery\/bal2011\/jananne-al-ani_shadow-sites-ii_still_aerial-no-1_300dpi-635x635.jpg\" alt=\"jananne-al-ani_shadow-sites-ii_still_aerial-no-1_300dpi-635x635.jpg\" \/><\/a><br \/>\n<span style=\"font-size: xx-small;\">\u00a9 Jananne Al-Ani, Shadow Sites II, 2011<\/span><\/p>\n<p>COMMISSAIRES : JEAN-YVES JOUANNAIS ET DIANE DUFOUR<\/p>\n<p>Comment imaginer qu\u2019autre chose que la bataille puisse repr\u00e9senter la guerre ?<br \/>\nPourtant, cette exposition, Topographies de la guerre, si elle traite de la guerre, l\u2019envisage au travers de ses seuls d\u00e9cors.<br \/>\nAinsi r\u00e9unit-elle des \u0153uvres photographiques ou vid\u00e9o qui ont en commun une ambition documentaire d\u00e9clar\u00e9e, manifeste : le parti pris d\u2019une totale d\u00e9sincarnation et, de ce fait, une focalisation sur les sites, les positions, les espaces g\u00e9ologiques. Des essais topographiques en quelque sorte, qui, sans renier le co\u00fbt humain des combats, privil\u00e9gient une lecture de la guerre par sa g\u00e9ographie.<br \/>\nL\u2019ensemble de ces images, r\u00e9alis\u00e9es depuis 2000, laisse les corps, la chute, la blessure, la mort, hors cadre. Le paysage seul demeure.<br \/>\nCes options iconographiques co\u00efncident, dans le domaine strat\u00e9gique, avec l\u2019usage accru des techniques de simulation, la propagation d\u2019armes agissant \u00e0 tr\u00e8s longue distance, mais \u00e9galement avec la censure m\u00e9diatique exerc\u00e9e par les \u00e9tats-majors et la quasi-impossibilit\u00e9 pour les photographes et vid\u00e9astes d\u2019op\u00e9rer librement sur le terrain.<br \/>\nLe territoire de la guerre est-il en train de devenir une donn\u00e9e abstraite, une construction id\u00e9ologique, une donn\u00e9e irrepr\u00e9sentable ?<\/p>\n<p>Avec les oeuvres de :<br \/>\n<strong>PAOLA DE PIETRI<\/strong>, To Face<br \/>\n<strong>JANANNE AL-ANI<\/strong>, Shadow Sites II<br \/>\n<strong>JO RACTLIFFE<\/strong>, As Terras Do Fim Do Mundo<br \/>\n<strong>AN-MY L\u00ca<\/strong>, 29 Palms<br \/>\n<strong>HARUN FAROCKI<\/strong>, Serious Games 4<br \/>\n<strong>DONOVAN WYLIE<\/strong>, Outposts<br \/>\n<strong>TILL ROESKENS<\/strong>, A\u00efda, Palestine<br \/>\n<strong>EYAL WEIZMAN ET LUC DELAHAYE<\/strong>, The space of this room is your interpretation<br \/>\n<strong>WALID RAAD<\/strong>, Let\u2019s be honest, the weather<br \/>\n<strong><br \/>\nPlus d&#8217;informations<\/strong>: <a href=\"https:\/\/www.le-bal.fr\/fr\/mh\/topographies-de-la-guerre\/\" target=\"_blank\" rel=\"noopener\">https:\/\/www.le-bal.fr\/fr\/mh\/topographies-de-la-guerre\/<\/a><\/p>\n[\/vc_column_text][\/vc_column][\/vc_row]","protected":false},"excerpt":{"rendered":"<p>[vc_row type=&#8221;in_container&#8221; full_screen_row_position=&#8221;middle&#8221; column_margin=&#8221;default&#8221; column_direction=&#8221;default&#8221; column_direction_tablet=&#8221;default&#8221; column_direction_phone=&#8221;default&#8221; scene_position=&#8221;center&#8221; top_padding=&#8221;4%&#8221; text_color=&#8221;dark&#8221; text_align=&#8221;left&#8221; row_border_radius=&#8221;none&#8221; row_border_radius_applies=&#8221;bg&#8221; overflow=&#8221;visible&#8221; overlay_strength=&#8221;0.3&#8243; gradient_direction=&#8221;left_to_right&#8221; shape_divider_position=&#8221;bottom&#8221; bg_image_animation=&#8221;none&#8221;&#8230;<\/p>\n","protected":false},"author":1,"featured_media":0,"parent":296,"menu_order":9,"comment_status":"closed","ping_status":"closed","template":"page-left-sidebar-parents.php","meta":{"footnotes":""},"categories":[],"tags":[],"class_list":["post-306","page","type-page","status-publish"],"aioseo_notices":[],"_links":{"self":[{"href":"https:\/\/www.lepeuplequimanque.org\/en\/wp-json\/wp\/v2\/pages\/306","targetHints":{"allow":["GET"]}}],"collection":[{"href":"https:\/\/www.lepeuplequimanque.org\/en\/wp-json\/wp\/v2\/pages"}],"about":[{"href":"https:\/\/www.lepeuplequimanque.org\/en\/wp-json\/wp\/v2\/types\/page"}],"author":[{"embeddable":true,"href":"https:\/\/www.lepeuplequimanque.org\/en\/wp-json\/wp\/v2\/users\/1"}],"replies":[{"embeddable":true,"href":"https:\/\/www.lepeuplequimanque.org\/en\/wp-json\/wp\/v2\/comments?post=306"}],"version-history":[{"count":0,"href":"https:\/\/www.lepeuplequimanque.org\/en\/wp-json\/wp\/v2\/pages\/306\/revisions"}],"up":[{"embeddable":true,"href":"https:\/\/www.lepeuplequimanque.org\/en\/wp-json\/wp\/v2\/pages\/296"}],"wp:attachment":[{"href":"https:\/\/www.lepeuplequimanque.org\/en\/wp-json\/wp\/v2\/media?parent=306"}],"wp:term":[{"taxonomy":"category","embeddable":true,"href":"https:\/\/www.lepeuplequimanque.org\/en\/wp-json\/wp\/v2\/categories?post=306"},{"taxonomy":"post_tag","embeddable":true,"href":"https:\/\/www.lepeuplequimanque.org\/en\/wp-json\/wp\/v2\/tags?post=306"}],"curies":[{"name":"wp","href":"https:\/\/api.w.org\/{rel}","templated":true}]}}