{"id":327,"date":"2012-05-06T15:38:17","date_gmt":"2012-05-06T14:38:17","guid":{"rendered":"https:\/\/www.lepeuplequimanque.org\/ethnographe\/symposium-27-05-2012"},"modified":"2024-03-10T11:39:20","modified_gmt":"2024-03-10T10:39:20","slug":"symposium-27-05-2012","status":"publish","type":"page","link":"https:\/\/www.lepeuplequimanque.org\/en\/ethnographe\/symposium-27-05-2012\/","title":{"rendered":"The Artist as Ethnographer &#8211; Sunday 27th May 2012 &#8211; Mus\u00e9e du quai Branly &#8211; Symposium"},"content":{"rendered":"[vc_row type=&#8221;in_container&#8221; full_screen_row_position=&#8221;middle&#8221; column_margin=&#8221;default&#8221; column_direction=&#8221;default&#8221; column_direction_tablet=&#8221;default&#8221; column_direction_phone=&#8221;default&#8221; scene_position=&#8221;center&#8221; text_color=&#8221;dark&#8221; text_align=&#8221;left&#8221; row_border_radius=&#8221;none&#8221; row_border_radius_applies=&#8221;bg&#8221; overflow=&#8221;visible&#8221; overlay_strength=&#8221;0.3&#8243; gradient_direction=&#8221;left_to_right&#8221; shape_divider_position=&#8221;bottom&#8221; bg_image_animation=&#8221;none&#8221;][vc_column column_padding=&#8221;no-extra-padding&#8221; column_padding_tablet=&#8221;inherit&#8221; column_padding_phone=&#8221;inherit&#8221; column_padding_position=&#8221;all&#8221; column_element_direction_desktop=&#8221;default&#8221; column_element_spacing=&#8221;default&#8221; desktop_text_alignment=&#8221;default&#8221; tablet_text_alignment=&#8221;default&#8221; phone_text_alignment=&#8221;default&#8221; background_color_opacity=&#8221;1&#8243; background_hover_color_opacity=&#8221;1&#8243; column_backdrop_filter=&#8221;none&#8221; column_shadow=&#8221;none&#8221; column_border_radius=&#8221;none&#8221; column_link_target=&#8221;_self&#8221; column_position=&#8221;default&#8221; gradient_direction=&#8221;left_to_right&#8221; overlay_strength=&#8221;0.3&#8243; width=&#8221;1\/1&#8243; tablet_width_inherit=&#8221;default&#8221; animation_type=&#8221;default&#8221; bg_image_animation=&#8221;none&#8221; border_type=&#8221;simple&#8221; column_border_width=&#8221;none&#8221; column_border_style=&#8221;solid&#8221;][nectar_global_section id=&#8221;3766&#8243;][\/vc_column][\/vc_row][vc_row type=&#8221;in_container&#8221; full_screen_row_position=&#8221;middle&#8221; column_margin=&#8221;default&#8221; column_direction=&#8221;default&#8221; column_direction_tablet=&#8221;default&#8221; column_direction_phone=&#8221;default&#8221; scene_position=&#8221;center&#8221; text_color=&#8221;dark&#8221; text_align=&#8221;left&#8221; row_border_radius=&#8221;none&#8221; row_border_radius_applies=&#8221;bg&#8221; overflow=&#8221;visible&#8221; overlay_strength=&#8221;0.3&#8243; gradient_direction=&#8221;left_to_right&#8221; shape_divider_position=&#8221;bottom&#8221; bg_image_animation=&#8221;none&#8221;][vc_column column_padding=&#8221;no-extra-padding&#8221; column_padding_tablet=&#8221;inherit&#8221; column_padding_phone=&#8221;inherit&#8221; column_padding_position=&#8221;all&#8221; column_element_direction_desktop=&#8221;default&#8221; column_element_spacing=&#8221;default&#8221; desktop_text_alignment=&#8221;default&#8221; tablet_text_alignment=&#8221;default&#8221; phone_text_alignment=&#8221;default&#8221; background_color_opacity=&#8221;1&#8243; background_hover_color_opacity=&#8221;1&#8243; column_backdrop_filter=&#8221;none&#8221; column_shadow=&#8221;none&#8221; column_border_radius=&#8221;none&#8221; column_link_target=&#8221;_self&#8221; column_position=&#8221;default&#8221; gradient_direction=&#8221;left_to_right&#8221; overlay_strength=&#8221;0.3&#8243; width=&#8221;1\/4&#8243; tablet_width_inherit=&#8221;default&#8221; animation_type=&#8221;default&#8221; bg_image_animation=&#8221;none&#8221; border_type=&#8221;simple&#8221; column_border_width=&#8221;none&#8221; column_border_style=&#8221;solid&#8221;][\/vc_column][vc_column column_padding=&#8221;no-extra-padding&#8221; column_padding_tablet=&#8221;inherit&#8221; column_padding_phone=&#8221;inherit&#8221; column_padding_position=&#8221;all&#8221; column_element_direction_desktop=&#8221;default&#8221; column_element_spacing=&#8221;default&#8221; desktop_text_alignment=&#8221;default&#8221; tablet_text_alignment=&#8221;default&#8221; phone_text_alignment=&#8221;default&#8221; background_color_opacity=&#8221;1&#8243; background_hover_color_opacity=&#8221;1&#8243; column_backdrop_filter=&#8221;none&#8221; column_shadow=&#8221;none&#8221; column_border_radius=&#8221;none&#8221; column_link_target=&#8221;_self&#8221; column_position=&#8221;default&#8221; gradient_direction=&#8221;left_to_right&#8221; overlay_strength=&#8221;0.3&#8243; width=&#8221;1\/2&#8243; tablet_width_inherit=&#8221;default&#8221; animation_type=&#8221;default&#8221; bg_image_animation=&#8221;none&#8221; border_type=&#8221;simple&#8221; column_border_width=&#8221;none&#8221; column_border_style=&#8221;solid&#8221;][vc_column_text]\n<h2 style=\"text-align: center;\">Sunday 27th May 2012<\/h2>\n<p style=\"text-align: center;\"><strong>Mus\u00e9e du quai Branly<\/strong><br \/>\nSymposium\/Debates &#8211; 10am to 6pm<\/p>\n<p style=\"text-align: center;\"><strong>Free entrance, Auditorium<\/strong><\/p>\n<h3>10am &#8211; Fiction and narratives<\/h3>\n<div>From the 1980\u2019s and since the first artistic appropriations of \u00ab inquiry \u00bb form and rethoric, the blurring of the limit between real and fiction, subject and object, the \u00ab I \u00bb and the \u00ab others \u00bb inhabiting him, has often been stressed. When artistic exhange with ethnography\u2019s narrative apparatus gains intensity, then we can also see it as a montage between genres (autobiography, allegory, theory, inquiry\u2026), subversion of the authorship and the \u00ab identities \u00bb at stake, various forms of intercultural translations, etc.<\/div>\n<div>\u00a0<\/div>\n<div>Moderator : <strong>S\u00e9bastien Pluot<\/strong>, art critic, curator, Ecole Sup\u00e9rieure des Beaux-Arts d&#8217;Angers<\/div>\n<div>\u00a0<\/div>\n<div><strong><a href=\"https:\/\/www.lepeuplequimanque.org\/wp-content\/uploads\/2023\/11\/buth_studio2_kalulu.jpg\" rel=\"prettyPhoto[gallery-doQV]\"><img loading=\"lazy\" decoding=\"async\" class=\"alignright size-medium wp-image-4964\" src=\"https:\/\/www.lepeuplequimanque.org\/wp-content\/uploads\/2023\/11\/buth_studio2_kalulu-300x200.jpg\" alt=\"\" width=\"300\" height=\"200\" srcset=\"https:\/\/www.lepeuplequimanque.org\/wp-content\/uploads\/2023\/11\/buth_studio2_kalulu-300x200.jpg 300w, https:\/\/www.lepeuplequimanque.org\/wp-content\/uploads\/2023\/11\/buth_studio2_kalulu-150x100.jpg 150w, https:\/\/www.lepeuplequimanque.org\/wp-content\/uploads\/2023\/11\/buth_studio2_kalulu.jpg 700w\" sizes=\"auto, (max-width: 300px) 100vw, 300px\" \/><\/a>Peggy Buth<\/strong>, artist, Berlin<br \/>\n<strong>Desire in Representation<\/strong><\/div>\n<div>Peggy Buth, born 1971 in Berlin, studied at the Academy of Visual Arts Leipzig and at Saint Martins College in London. Her works have been shown internationally, including at the Brussels Biennial (2008) and at the exhibition \u201cMade in Germany\u201d in Hanover (2007).. In her artistic work, Buth explores the representational systems of art, literature, politics, history, and science, with an emphasis on what is being repressed and what unintentionally comes to light in these spheres. In so doing she employs the media of photography and video, uses tar, shellac, or carpet in creating her pictures, works with found materials, language, and sound, produces objects, sculptures, and installations. The project \u201cDesire in Representation\u201d (2008) is based on extensive research conducted by the artist on the Royal Museum for Central Africa in Tervuren (near Brussels). The museum, having opened in 1910, has served as a showcase for Belgian colonial history. In accordance with changes in property ownership conditions in the Congo up until its independence, the representational means employed by the Tervuren Museum were likewise modified. Since 2004 the museum has been immersed in a process of spatial and conceptual reorganization that is still going on today. Buth presents photographs of various rooms and displays at the museum and points out the ways in which meaning and historicity are created there.<\/div>\n<div>\u00a0<\/div>\n<div>\u00a0<\/div>\n<div><strong><a href=\"https:\/\/www.lepeuplequimanque.org\/wp-content\/uploads\/2023\/11\/koester-13large.jpg\" rel=\"prettyPhoto[gallery-doQV]\"><img loading=\"lazy\" decoding=\"async\" class=\"alignright size-medium wp-image-4965\" src=\"https:\/\/www.lepeuplequimanque.org\/wp-content\/uploads\/2023\/11\/koester-13large-300x200.jpg\" alt=\"\" width=\"300\" height=\"200\" srcset=\"https:\/\/www.lepeuplequimanque.org\/wp-content\/uploads\/2023\/11\/koester-13large-300x200.jpg 300w, https:\/\/www.lepeuplequimanque.org\/wp-content\/uploads\/2023\/11\/koester-13large-150x100.jpg 150w, https:\/\/www.lepeuplequimanque.org\/wp-content\/uploads\/2023\/11\/koester-13large.jpg 638w\" sizes=\"auto, (max-width: 300px) 100vw, 300px\" \/><\/a>Joachim Koester<\/strong>, artist, Berlin<br \/>\n<strong>Of Spirits and Empty Spaces<\/strong><\/div>\n<div>Of Spirits and Empty Spaces<br \/>\nJoachim Koester (b. 1962 in Copenhagen) is a conceptual artist and a graduate of the Royal Danish Academy of Art in his native city. Joachim Koester participated in Documenta 10 in Kassel (1997) and in the Venice Biennial (2005). He has had numerous solo and group exhibitions around the world. Recent monographic exhibitions were held at Museo Tamayo, Mexico City (2010), Kestnergesellschaft, Hanover (2010), Turker Art Museum, Finland (2009) and Moderna Museet, Stockholm (2007) and in France, in particular at Centre National de la Photographie, Paris (2001) and IAC Villeurbanne (2012).<br \/>\nJoachim Koester draws on the duality of the scientific relationship with the real and sensitive experience. Thus the representation as photos or film of places full of history and then deserted to which he turns often accomplishes this voluntary abolition of the frontiers between rationality and empiricism.<\/div>\n<div>\u00a0<\/div>\n<h3>1pm &#8211; Museum, archives, exhibition<\/h3>\n<div>Artists\u2019 challenging intercourses with the museum are far from beginning nowadays. But the ones with ethnography museum and memory are even more specific. They question the museum as didactic, historiographic and political apparatus. In echo to the reflections of anthropologists themselves (at least since Georges Bataille\u2019s famous journal, Documents), on the reification of cultures, the fetishism of the \u00ab primitive \u00bb etc. artists engage in display strategies and museological counter-inquiries. History of the gaze and exhibition of knowledge intertwines in order to put in crisis the colonial heritage of the museum and its own narratives of the Other. Thus they help imagine what the post-ethnographic museum may look like ?<\/div>\n<div>\u00a0<\/div>\n<div>Moderation: <strong>Patricia Falgui\u00e8res<\/strong>, art historian and art critic, EHESS<\/div>\n<div>\u00a0<\/div>\n<div><strong><a href=\"https:\/\/www.lepeuplequimanque.org\/wp-content\/uploads\/2023\/11\/deliss_portrait_sw.jpg\" rel=\"prettyPhoto[gallery-doQV]\"><img loading=\"lazy\" decoding=\"async\" class=\"alignright size-medium wp-image-4966\" src=\"https:\/\/www.lepeuplequimanque.org\/wp-content\/uploads\/2023\/11\/deliss_portrait_sw-300x214.jpg\" alt=\"\" width=\"300\" height=\"214\" srcset=\"https:\/\/www.lepeuplequimanque.org\/wp-content\/uploads\/2023\/11\/deliss_portrait_sw-300x214.jpg 300w, https:\/\/www.lepeuplequimanque.org\/wp-content\/uploads\/2023\/11\/deliss_portrait_sw-150x107.jpg 150w, https:\/\/www.lepeuplequimanque.org\/wp-content\/uploads\/2023\/11\/deliss_portrait_sw.jpg 640w\" sizes=\"auto, (max-width: 300px) 100vw, 300px\" \/><\/a><\/strong><strong>Clementine Deliss<\/strong>, curator and director of the Weltkulturen Museum de Francfort<\/div>\n<div><strong>Trading perceptions in a post-ethnographic museum<\/strong><br \/>\nCl\u00e9mentine Deliss is curator, researcher, publisher and Director of the Museum of World Cultures in Frankfurt am Main, where she curated recently the exhibition \u2018Object Atlas\u2019 (2011). Clementine Deliss studied art and social anthropology in Vienna, and holds a PhD from the School of Oriental and African Studies, University of London. From 1992 to 1995 she was artistic director of africa95, a contemporary arts festival coordinated with the Royal Academy of Arts, London. Since 1996 she is producer and publisher of the writers\u2019 and artists\u2019 organ Metronome, that was launched at places such as the Dakar and Venice biennales, Kunsthalle Basel and documenta X and 12 in Kassel. Since 2003 Cl\u00e9mentine Deliss was director of Future Academy at the Edinburgh College of Art with research cells in Senegal, India, Europe, Australia, USA, and Japan. In 2007 she established Randolph Cliff, an artists\u2019 residency programme in Edinburgh together with Edinburgh College of Art, The National Galleries of Scotland, and patron Charles Asprey. She recently curated<\/div>\n<div>\u00a0<\/div>\n<div><strong><a href=\"https:\/\/www.lepeuplequimanque.org\/wp-content\/uploads\/2023\/11\/maureenmurphy.jpg\" rel=\"prettyPhoto[gallery-doQV]\"><img loading=\"lazy\" decoding=\"async\" class=\"alignright size-medium wp-image-4967\" src=\"https:\/\/www.lepeuplequimanque.org\/wp-content\/uploads\/2023\/11\/maureenmurphy-231x300.jpg\" alt=\"\" width=\"231\" height=\"300\" srcset=\"https:\/\/www.lepeuplequimanque.org\/wp-content\/uploads\/2023\/11\/maureenmurphy-231x300.jpg 231w, https:\/\/www.lepeuplequimanque.org\/wp-content\/uploads\/2023\/11\/maureenmurphy-116x150.jpg 116w, https:\/\/www.lepeuplequimanque.org\/wp-content\/uploads\/2023\/11\/maureenmurphy.jpg 385w\" sizes=\"auto, (max-width: 231px) 100vw, 231px\" \/><\/a>Maureen Murphy<\/strong>, art historian, University Paris I, Paris<br \/>\n<strong>L\u2019invention de \u00ab l\u2019art contemporain africain \u00bb<br \/>\n<\/strong>Historienne de l&#8217;art, Maureen Murphy a publi\u00e9 diff\u00e9rents travaux sur la r\u00e9ception et la repr\u00e9sentation des arts d&#8217;Afrique en Occident, sur les liens entre ces derniers et l&#8217;art moderne ainsi que sur \u00ab\u2009l&#8217;art contemporain africain\u2009\u00bb. Elle est aujourd&#8217;hui charg\u00e9e de mission pour les expositions et les collections d&#8217;art du XIXe et du XXe si\u00e8cle \u00e0 la Cit\u00e9 nationale de l&#8217;histoire de l&#8217;immigration \u00e0 Paris. Elle a r\u00e9cemment publi\u00e9 (2009) aux presses du R\u00e9el De l\u2019imaginaire au mus\u00e9e \u2013 Les arts d\u2019Afrique \u00e0 Paris et \u00e0 New York (1931-2006) : une mise en perspective historique de la repr\u00e9sentation des arts extra-occidentaux dans les mus\u00e9es et dans l&#8217;imaginaire occidental, un point de vue comparatif avec les Etats-Unis et une mise en lumi\u00e8re des liens entre arts d&#8217;Afrique et avant-garde. L&#8217;ouverture, en France, aux d\u00e9bats post-coloniaux d\u00e9velopp\u00e9s jusqu&#8217;alors essentiellement dans les pays anglo-saxons, la cr\u00e9ation de la Cit\u00e9 nationale de l&#8217;histoire de l&#8217;immigration (2007) ou l&#8217;int\u00e9r\u00eat croissant pour l&#8217;art contemporain \u00ab\u2009africain\u2009\u00bb, soul\u00e8vent autant de questions qui n\u00e9cessitent d&#8217;\u00eatre replac\u00e9es dans l&#8217;histoire des rapports politiques, \u00e9conomiques, culturels et id\u00e9ologiques entretenus par l&#8217;Occident avec l&#8217;Afrique. D\u00e9passant les fronti\u00e8res hexagonales, cet ouvrage adopte un point de vue comparatif avec les Etats-Unis et revisite les liens entre arts d&#8217;Afrique et avant-garde. En croisant une analyse des politiques culturelles fran\u00e7aises et am\u00e9ricaines avec une relecture du primitivisme et du modernisme, cet ouvrage d\u00e9montre que New York ne \u00ab\u2009vola\u2009\u00bb pas seulement \u00ab\u2009l&#8217;id\u00e9e d&#8217;art moderne\u2009\u00bb, comme l&#8217;\u00e9crivit Serge Guilbaut, mais \u00e9galement celle de l&#8217;art africain.<\/div>\n<div>\u00a0<\/div>\n<div><strong><a href=\"https:\/\/www.lepeuplequimanque.org\/wp-content\/uploads\/2023\/11\/jagportrait1_0.jpg\" rel=\"prettyPhoto[gallery-doQV]\"><img loading=\"lazy\" decoding=\"async\" class=\"alignright size-medium wp-image-4968\" src=\"https:\/\/www.lepeuplequimanque.org\/wp-content\/uploads\/2023\/11\/jagportrait1_0-245x300.jpg\" alt=\"\" width=\"245\" height=\"300\" srcset=\"https:\/\/www.lepeuplequimanque.org\/wp-content\/uploads\/2023\/11\/jagportrait1_0-245x300.jpg 245w, https:\/\/www.lepeuplequimanque.org\/wp-content\/uploads\/2023\/11\/jagportrait1_0-123x150.jpg 123w, https:\/\/www.lepeuplequimanque.org\/wp-content\/uploads\/2023\/11\/jagportrait1_0.jpg 315w\" sizes=\"auto, (max-width: 245px) 100vw, 245px\" \/><\/a>Jennifer Gonzalez<\/strong>, art historian, University of Santa Cruz, California<\/div>\n<div><strong>Face of the Object, Skin of the Archive<\/strong><br \/>\nJennifer Gonzalez writes about contemporary art with an emphasis on installation art, digital art and activist art. She is interested in understanding the strategic use of space (exhibition space, public space, virtual space) by contemporary artists and by cultural institutions such as museums. More specifically, she has focused on the representation of the human body and its relation to discourses of race and gender. Gonzalez\u2019s research has lead to a book project on the work of contemporary artists who use installation art as a way to stage a critical assessment of race politics in the United States, Subject to Display: Reframing Race in Contemporary Installation Art (Cambridge, MA: The MIT Press, 2008). In addition to installation art, Jennifer Gonzalez has written on contemporary digital art and specifically on the visual representation of the body. Several of her articles and book chapters focus on the cyborg body or the hybrid body as both symptoms of and metaphors for cultural transformation.<\/div>\n<div>\u00a0<\/div>\n<div><strong>Benoit de L&#8217; Estoile<\/strong>, anthropologist, CNRS, IRI, Paris<br \/>\n<strong>L&#8217;art est-il la fin de la science? un d\u00e9fi pour les mus\u00e9es<\/strong><\/div>\n<div>Beno\u00eet de L&#8217;Estoile, is an anthropologist who teaches at the \u00c9cole Normale Sup\u00e9rieure. He has just published Le go\u00fbt des autres. De l\u2019exposition coloniale aux Arts premiers (Flammarion, 2007). Among other volumes, he has edited Empires, Nations and Natives: Anthropology and State-Making (Durham: Duke University Press, 2005) with Federico Neiburg and Lygia Sigaud. In 2003, he curated \u201cNous sommes devenus des personnes\u201d: Nouveaux visages du Nordeste Br\u00e9silien (\u201cWe have become persons\u201d: New faces from the Brazilian Northeast) at the \u00c9cole Normale Sup\u00e9rieure and in Dijon . His recently published texts on related topics include \u201cLe Mus\u00e9e de l\u2019Homme, laboratoire de l\u2019ethnologie (1937-2003),\u201d in Les lieux de savoir, ed. Christian Jacob (Paris: Albin Michel, 2007), \u201cFrom the Colonial Exhibition to the Museum of Man: An Alternative Genealogy of French Anthropology,\u201d in Social Anthropology\/Anthropologie sociale, 11:3 (October 2003) and \u201cA Rationalization of Colonial Domination? Anthropology and Native Policy in French-Ruled Africa,\u201d in Empires, Nations and Natives: Anthropology and State-Making (Durham: Duke University Press, 2005)<\/div>\n<div>\u00a0<\/div>\n<div>\u00a0<\/div>\n<div><strong><a href=\"https:\/\/www.lepeuplequimanque.org\/wp-content\/uploads\/2023\/11\/fred-wilson.jpg\" rel=\"prettyPhoto[gallery-doQV]\"><img loading=\"lazy\" decoding=\"async\" class=\"alignright size-medium wp-image-4969\" src=\"https:\/\/www.lepeuplequimanque.org\/wp-content\/uploads\/2023\/11\/fred-wilson-300x300.jpg\" alt=\"\" width=\"300\" height=\"300\" srcset=\"https:\/\/www.lepeuplequimanque.org\/wp-content\/uploads\/2023\/11\/fred-wilson-300x300.jpg 300w, https:\/\/www.lepeuplequimanque.org\/wp-content\/uploads\/2023\/11\/fred-wilson-150x150.jpg 150w, https:\/\/www.lepeuplequimanque.org\/wp-content\/uploads\/2023\/11\/fred-wilson-140x140.jpg 140w, https:\/\/www.lepeuplequimanque.org\/wp-content\/uploads\/2023\/11\/fred-wilson-100x100.jpg 100w, https:\/\/www.lepeuplequimanque.org\/wp-content\/uploads\/2023\/11\/fred-wilson-500x500.jpg 500w, https:\/\/www.lepeuplequimanque.org\/wp-content\/uploads\/2023\/11\/fred-wilson-350x350.jpg 350w, https:\/\/www.lepeuplequimanque.org\/wp-content\/uploads\/2023\/11\/fred-wilson.jpg 600w\" sizes=\"auto, (max-width: 300px) 100vw, 300px\" \/><\/a>Fred Wilson<\/strong>, artist, New York<\/div>\n<div>Fred Wilson was born in 1954 in the Bronx and lives in New York City today. He is a conceptual artist whose work often re-contextualizes existing art objects and cultural artifacts that portray the under-represented perspective of people of color. A large part of Wilson&#8217;s creative process involves conducting community outreach and research in the cities where he produces projects. His artistic practice raises questions and spurs dialogue about heated issues such as race in a smart and sensitive way. Wilson&#8217;s artwork has been shown around the world in solo and group exhibitions. While already an accomplished artist, his watershed project, &#8220;Mining the Museum: An Installation by Fred Wilson&#8221; as The Maryland Historical Society in Baltimore in 1992-1993 catapulted him into the consciousness of a much broader audience Wilson has received numerous awards and professional recognitions including the prestigious &#8220;Genius&#8221; award from the MacArthur Foundation in 1999. He was selected to represent the United States at the Venice Biennale in 2003. He is currently represented by Pace Gallery in New York.Fred Wilson was born in 1954 in the Bronx and lives in New York City today. He is a conceptual artist whose work often re-contextualizes existing art objects and cultural artifacts that portray the under-represented perspective of people of color. A large part of Wilson&#8217;s creative process involves conducting community outreach and research in the cities where he produces projects. His artistic practice raises questions and spurs dialogue about heated issues such as race in a smart and sensitive way. Wilson&#8217;s artwork has been shown around the world in solo and group exhibitions. While already an accomplished artist, his watershed project, &#8220;Mining the Museum: An Installation by Fred Wilson&#8221; as The Maryland Historical Society in Baltimore in 1992-1993 catapulted him into the consciousness of a much broader audience Wilson has received numerous awards and professional recognitions including the prestigious &#8220;Genius&#8221; award from the MacArthur Foundation in 1999. He was selected to represent the United States at the Venice Biennale in 2003. He is currently represented by Pace Gallery in New York.<\/div>\n<div>\u00a0<\/div>\n<div><a href=\"https:\/\/www.lepeuplequimanque.org\/en\/ethnographe\/projection-27-05-2012\">&#8230;next<\/a><\/div>\n<div>\u00a0<\/div>\n[\/vc_column_text][\/vc_column][vc_column column_padding=&#8221;no-extra-padding&#8221; column_padding_tablet=&#8221;inherit&#8221; column_padding_phone=&#8221;inherit&#8221; column_padding_position=&#8221;all&#8221; column_element_direction_desktop=&#8221;default&#8221; column_element_spacing=&#8221;default&#8221; desktop_text_alignment=&#8221;default&#8221; tablet_text_alignment=&#8221;default&#8221; phone_text_alignment=&#8221;default&#8221; background_color_opacity=&#8221;1&#8243; background_hover_color_opacity=&#8221;1&#8243; column_backdrop_filter=&#8221;none&#8221; column_shadow=&#8221;none&#8221; column_border_radius=&#8221;none&#8221; column_link_target=&#8221;_self&#8221; column_position=&#8221;default&#8221; gradient_direction=&#8221;left_to_right&#8221; overlay_strength=&#8221;0.3&#8243; width=&#8221;1\/4&#8243; tablet_width_inherit=&#8221;default&#8221; animation_type=&#8221;default&#8221; bg_image_animation=&#8221;none&#8221; border_type=&#8221;simple&#8221; column_border_width=&#8221;none&#8221; column_border_style=&#8221;solid&#8221;][\/vc_column][\/vc_row]","protected":false},"excerpt":{"rendered":"<p>[vc_row type=&#8221;in_container&#8221; full_screen_row_position=&#8221;middle&#8221; column_margin=&#8221;default&#8221; column_direction=&#8221;default&#8221; column_direction_tablet=&#8221;default&#8221; column_direction_phone=&#8221;default&#8221; scene_position=&#8221;center&#8221; text_color=&#8221;dark&#8221; text_align=&#8221;left&#8221; row_border_radius=&#8221;none&#8221; row_border_radius_applies=&#8221;bg&#8221; overflow=&#8221;visible&#8221; overlay_strength=&#8221;0.3&#8243; gradient_direction=&#8221;left_to_right&#8221; shape_divider_position=&#8221;bottom&#8221; bg_image_animation=&#8221;none&#8221;][vc_column column_padding=&#8221;no-extra-padding&#8221;&#8230;<\/p>\n","protected":false},"author":1,"featured_media":0,"parent":323,"menu_order":0,"comment_status":"closed","ping_status":"closed","template":"page-no-sidebar.php","meta":{"footnotes":""},"categories":[],"tags":[],"class_list":["post-327","page","type-page","status-publish"],"aioseo_notices":[],"_links":{"self":[{"href":"https:\/\/www.lepeuplequimanque.org\/en\/wp-json\/wp\/v2\/pages\/327","targetHints":{"allow":["GET"]}}],"collection":[{"href":"https:\/\/www.lepeuplequimanque.org\/en\/wp-json\/wp\/v2\/pages"}],"about":[{"href":"https:\/\/www.lepeuplequimanque.org\/en\/wp-json\/wp\/v2\/types\/page"}],"author":[{"embeddable":true,"href":"https:\/\/www.lepeuplequimanque.org\/en\/wp-json\/wp\/v2\/users\/1"}],"replies":[{"embeddable":true,"href":"https:\/\/www.lepeuplequimanque.org\/en\/wp-json\/wp\/v2\/comments?post=327"}],"version-history":[{"count":0,"href":"https:\/\/www.lepeuplequimanque.org\/en\/wp-json\/wp\/v2\/pages\/327\/revisions"}],"up":[{"embeddable":true,"href":"https:\/\/www.lepeuplequimanque.org\/en\/wp-json\/wp\/v2\/pages\/323"}],"wp:attachment":[{"href":"https:\/\/www.lepeuplequimanque.org\/en\/wp-json\/wp\/v2\/media?parent=327"}],"wp:term":[{"taxonomy":"category","embeddable":true,"href":"https:\/\/www.lepeuplequimanque.org\/en\/wp-json\/wp\/v2\/categories?post=327"},{"taxonomy":"post_tag","embeddable":true,"href":"https:\/\/www.lepeuplequimanque.org\/en\/wp-json\/wp\/v2\/tags?post=327"}],"curies":[{"name":"wp","href":"https:\/\/api.w.org\/{rel}","templated":true}]}}